{"id":249,"date":"2023-05-27T21:51:03","date_gmt":"2023-05-27T21:51:03","guid":{"rendered":"http:\/\/local.lisbonaround.com\/?page_id=249"},"modified":"2023-08-18T13:09:58","modified_gmt":"2023-08-18T13:09:58","slug":"curiosites-lisboetes","status":"publish","type":"page","link":"https:\/\/www.lisbonaround.com\/?page_id=249","title":{"rendered":"Curiosit\u00e9s"},"content":{"rendered":"\t\t<div data-elementor-type=\"wp-page\" data-elementor-id=\"249\" class=\"elementor elementor-249\">\n\t\t\t\t\t\t\t\t\t<section class=\"elementor-section elementor-top-section elementor-element elementor-element-37cbde1 elementor-section-stretched elementor-hidden-mobile elementor-section-boxed elementor-section-height-default elementor-section-height-default\" data-id=\"37cbde1\" data-element_type=\"section\" data-settings=\"{&quot;stretch_section&quot;:&quot;section-stretched&quot;}\">\n\t\t\t\t\t\t<div class=\"elementor-container elementor-column-gap-default\">\n\t\t\t\t\t<div class=\"elementor-column elementor-col-100 elementor-top-column elementor-element elementor-element-de42cf8\" data-id=\"de42cf8\" data-element_type=\"column\">\n\t\t\t<div class=\"elementor-widget-wrap elementor-element-populated\">\n\t\t\t\t\t\t\t\t<div class=\"elementor-element elementor-element-bb288f8 elementor-widget elementor-widget-image\" data-id=\"bb288f8\" data-element_type=\"widget\" data-widget_type=\"image.default\">\n\t\t\t\t<div class=\"elementor-widget-container\">\n\t\t\t<style>\/*! elementor - v3.13.2 - 11-05-2023 *\/\n.elementor-widget-image{text-align:center}.elementor-widget-image a{display:inline-block}.elementor-widget-image a img[src$=\".svg\"]{width:48px}.elementor-widget-image img{vertical-align:middle;display:inline-block}<\/style>\t\t\t\t\t\t\t\t\t\t\t\t<img loading=\"lazy\" decoding=\"async\" width=\"1747\" height=\"546\" src=\"https:\/\/www.lisbonaround.com\/wp-content\/uploads\/2023\/05\/img_curiosites.jpg\" class=\"attachment-full size-full wp-image-253\" alt=\"\" \/>\t\t\t\t\t\t\t\t\t\t\t\t\t\t\t<\/div>\n\t\t\t\t<\/div>\n\t\t\t\t\t<\/div>\n\t\t<\/div>\n\t\t\t\t\t\t\t<\/div>\n\t\t<\/section>\n\t\t\t\t<section class=\"elementor-section elementor-top-section elementor-element elementor-element-665781a elementor-section-stretched elementor-section-boxed elementor-section-height-default elementor-section-height-default\" data-id=\"665781a\" data-element_type=\"section\" data-settings=\"{&quot;stretch_section&quot;:&quot;section-stretched&quot;}\">\n\t\t\t\t\t\t<div class=\"elementor-container elementor-column-gap-default\">\n\t\t\t\t\t<div class=\"elementor-column elementor-col-100 elementor-top-column elementor-element elementor-element-2cfa376\" data-id=\"2cfa376\" data-element_type=\"column\">\n\t\t\t<div class=\"elementor-widget-wrap elementor-element-populated\">\n\t\t\t\t\t\t\t\t<div class=\"elementor-element elementor-element-fc0fa86 elementor-hidden-desktop elementor-hidden-tablet elementor-widget elementor-widget-image\" data-id=\"fc0fa86\" data-element_type=\"widget\" data-widget_type=\"image.default\">\n\t\t\t\t<div class=\"elementor-widget-container\">\n\t\t\t\t\t\t\t\t\t\t\t\t\t\t\t<img loading=\"lazy\" decoding=\"async\" width=\"1747\" height=\"546\" src=\"https:\/\/www.lisbonaround.com\/wp-content\/uploads\/2023\/05\/img_curiosites.jpg\" class=\"attachment-full size-full wp-image-253\" alt=\"\" \/>\t\t\t\t\t\t\t\t\t\t\t\t\t\t\t<\/div>\n\t\t\t\t<\/div>\n\t\t\t\t\t<\/div>\n\t\t<\/div>\n\t\t\t\t\t\t\t<\/div>\n\t\t<\/section>\n\t\t\t\t<section class=\"elementor-section elementor-top-section elementor-element elementor-element-89b2904 elementor-section-boxed elementor-section-height-default elementor-section-height-default\" data-id=\"89b2904\" data-element_type=\"section\">\n\t\t\t\t\t\t<div class=\"elementor-container elementor-column-gap-default\">\n\t\t\t\t\t<div class=\"elementor-column elementor-col-100 elementor-top-column elementor-element elementor-element-8b00957\" data-id=\"8b00957\" data-element_type=\"column\">\n\t\t\t<div class=\"elementor-widget-wrap elementor-element-populated\">\n\t\t\t\t\t\t\t\t<div class=\"elementor-element elementor-element-52b1274 elementor-hidden-mobile elementor-widget elementor-widget-spacer\" data-id=\"52b1274\" data-element_type=\"widget\" data-widget_type=\"spacer.default\">\n\t\t\t\t<div class=\"elementor-widget-container\">\n\t\t\t<style>\/*! elementor - v3.13.2 - 11-05-2023 *\/\n.elementor-column .elementor-spacer-inner{height:var(--spacer-size)}.e-con{--container-widget-width:100%}.e-con-inner>.elementor-widget-spacer,.e-con>.elementor-widget-spacer{width:var(--container-widget-width,var(--spacer-size));--align-self:var(--container-widget-align-self,initial);--flex-shrink:0}.e-con-inner>.elementor-widget-spacer>.elementor-widget-container,.e-con-inner>.elementor-widget-spacer>.elementor-widget-container>.elementor-spacer,.e-con>.elementor-widget-spacer>.elementor-widget-container,.e-con>.elementor-widget-spacer>.elementor-widget-container>.elementor-spacer{height:100%}.e-con-inner>.elementor-widget-spacer>.elementor-widget-container>.elementor-spacer>.elementor-spacer-inner,.e-con>.elementor-widget-spacer>.elementor-widget-container>.elementor-spacer>.elementor-spacer-inner{height:var(--container-widget-height,var(--spacer-size))}<\/style>\t\t<div class=\"elementor-spacer\">\n\t\t\t<div class=\"elementor-spacer-inner\"><\/div>\n\t\t<\/div>\n\t\t\t\t<\/div>\n\t\t\t\t<\/div>\n\t\t\t\t\t<\/div>\n\t\t<\/div>\n\t\t\t\t\t\t\t<\/div>\n\t\t<\/section>\n\t\t\t\t<section class=\"elementor-section elementor-top-section elementor-element elementor-element-a0109ff elementor-section-boxed elementor-section-height-default elementor-section-height-default\" data-id=\"a0109ff\" data-element_type=\"section\">\n\t\t\t\t\t\t<div class=\"elementor-container elementor-column-gap-default\">\n\t\t\t\t\t<div class=\"elementor-column elementor-col-100 elementor-top-column elementor-element elementor-element-66c32fb\" data-id=\"66c32fb\" data-element_type=\"column\">\n\t\t\t<div class=\"elementor-widget-wrap elementor-element-populated\">\n\t\t\t\t\t\t\t\t<div class=\"elementor-element elementor-element-e867646 elementor-widget elementor-widget-text-editor\" data-id=\"e867646\" data-element_type=\"widget\" data-widget_type=\"text-editor.default\">\n\t\t\t\t<div class=\"elementor-widget-container\">\n\t\t\t<style>\/*! elementor - v3.13.2 - 11-05-2023 *\/\n.elementor-widget-text-editor.elementor-drop-cap-view-stacked .elementor-drop-cap{background-color:#69727d;color:#fff}.elementor-widget-text-editor.elementor-drop-cap-view-framed .elementor-drop-cap{color:#69727d;border:3px solid;background-color:transparent}.elementor-widget-text-editor:not(.elementor-drop-cap-view-default) .elementor-drop-cap{margin-top:8px}.elementor-widget-text-editor:not(.elementor-drop-cap-view-default) .elementor-drop-cap-letter{width:1em;height:1em}.elementor-widget-text-editor .elementor-drop-cap{float:left;text-align:center;line-height:1;font-size:50px}.elementor-widget-text-editor .elementor-drop-cap-letter{display:inline-block}<\/style>\t\t\t\t<h1>Curiosit\u00e9s lisbo\u00e8tes<\/h1>\t\t\t\t\t\t<\/div>\n\t\t\t\t<\/div>\n\t\t\t\t\t<\/div>\n\t\t<\/div>\n\t\t\t\t\t\t\t<\/div>\n\t\t<\/section>\n\t\t\t\t<section class=\"elementor-section elementor-top-section elementor-element elementor-element-6f64ecd elementor-section-boxed elementor-section-height-default elementor-section-height-default\" data-id=\"6f64ecd\" data-element_type=\"section\">\n\t\t\t\t\t\t<div class=\"elementor-container elementor-column-gap-default\">\n\t\t\t\t\t<div class=\"elementor-column elementor-col-50 elementor-top-column elementor-element elementor-element-3055a56\" data-id=\"3055a56\" data-element_type=\"column\">\n\t\t\t<div class=\"elementor-widget-wrap elementor-element-populated\">\n\t\t\t\t\t\t\t\t<div class=\"elementor-element elementor-element-56ae288 elementor-widget elementor-widget-toggle\" data-id=\"56ae288\" data-element_type=\"widget\" data-widget_type=\"toggle.default\">\n\t\t\t\t<div class=\"elementor-widget-container\">\n\t\t\t<style>\/*! elementor - v3.13.2 - 11-05-2023 *\/\n.elementor-toggle{text-align:left}.elementor-toggle .elementor-tab-title{font-weight:700;line-height:1;margin:0;padding:15px;border-bottom:1px solid #d5d8dc;cursor:pointer;outline:none}.elementor-toggle .elementor-tab-title .elementor-toggle-icon{display:inline-block;width:1em}.elementor-toggle .elementor-tab-title .elementor-toggle-icon svg{-webkit-margin-start:-5px;margin-inline-start:-5px;width:1em;height:1em}.elementor-toggle .elementor-tab-title .elementor-toggle-icon.elementor-toggle-icon-right{float:right;text-align:right}.elementor-toggle .elementor-tab-title .elementor-toggle-icon.elementor-toggle-icon-left{float:left;text-align:left}.elementor-toggle .elementor-tab-title .elementor-toggle-icon .elementor-toggle-icon-closed{display:block}.elementor-toggle .elementor-tab-title .elementor-toggle-icon .elementor-toggle-icon-opened{display:none}.elementor-toggle .elementor-tab-title.elementor-active{border-bottom:none}.elementor-toggle .elementor-tab-title.elementor-active .elementor-toggle-icon-closed{display:none}.elementor-toggle .elementor-tab-title.elementor-active .elementor-toggle-icon-opened{display:block}.elementor-toggle .elementor-tab-content{padding:15px;border-bottom:1px solid #d5d8dc;display:none}@media (max-width:767px){.elementor-toggle .elementor-tab-title{padding:12px}.elementor-toggle .elementor-tab-content{padding:12px 10px}}.e-con-inner>.elementor-widget-toggle,.e-con>.elementor-widget-toggle{width:var(--container-widget-width);--flex-grow:var(--container-widget-flex-grow)}<\/style>\t\t<div class=\"elementor-toggle\" role=\"tablist\">\n\t\t\t\t\t\t\t<div class=\"elementor-toggle-item\">\n\t\t\t\t\t<div id=\"elementor-tab-title-9081\" class=\"elementor-tab-title\" data-tab=\"1\" role=\"tab\" aria-controls=\"elementor-tab-content-9081\" aria-expanded=\"false\">\n\t\t\t\t\t\t\t\t\t\t\t\t<span class=\"elementor-toggle-icon elementor-toggle-icon-left\" aria-hidden=\"true\">\n\t\t\t\t\t\t\t\t\t\t\t\t\t\t\t<span class=\"elementor-toggle-icon-closed\"><i class=\"fas fa-chevron-down\"><\/i><\/span>\n\t\t\t\t\t\t\t\t<span class=\"elementor-toggle-icon-opened\"><i class=\"elementor-toggle-icon-opened fas fa-chevron-up\"><\/i><\/span>\n\t\t\t\t\t\t\t\t\t\t\t\t\t<\/span>\n\t\t\t\t\t\t\t\t\t\t\t\t<a href=\"\" class=\"elementor-toggle-title\">Linge et oiseaux aux fen\u00eatres<\/a>\n\t\t\t\t\t<\/div>\n\n\t\t\t\t\t<div id=\"elementor-tab-content-9081\" class=\"elementor-tab-content elementor-clearfix\" data-tab=\"1\" role=\"tabpanel\" aria-labelledby=\"elementor-tab-title-9081\"><p class=\"Normal2 P-2\"><span class=\"C-2\">On raconte qu\u2019autrefois, les marins qui avaient brav\u00e9 les hautes mers en direction du Br\u00e9sil, ramenaient avec eux des perroquets, tr\u00e8s familiers de ce pays. De retour, c\u2019\u00e9tait alors une grande fiert\u00e9 d\u2019exposer \u00e0 la porte de leur maison ce magnifique oiseau exotique aux plumes chatoyantes : il \u00e9tait la preuve vivante qu\u2019un des occupants \u00e9tait un marin chevronn\u00e9 et courageux.<\/span><\/p><p class=\"Normal2 P-2\"><span class=\"C-2\">Aujourd\u2019hui, cette importation est bien s\u00fbr interdite\u2026 mais la tradition perdure gr\u00e2ce aux serins qui prennent l\u2019air dans des cages accroch\u00e9es aux fen\u00eatres des quartiers populaires d\u2019Alfama et de la Madragoa.<\/span><\/p><\/div>\n\t\t\t\t<\/div>\n\t\t\t\t\t\t\t<div class=\"elementor-toggle-item\">\n\t\t\t\t\t<div id=\"elementor-tab-title-9082\" class=\"elementor-tab-title\" data-tab=\"2\" role=\"tab\" aria-controls=\"elementor-tab-content-9082\" aria-expanded=\"false\">\n\t\t\t\t\t\t\t\t\t\t\t\t<span class=\"elementor-toggle-icon elementor-toggle-icon-left\" aria-hidden=\"true\">\n\t\t\t\t\t\t\t\t\t\t\t\t\t\t\t<span class=\"elementor-toggle-icon-closed\"><i class=\"fas fa-chevron-down\"><\/i><\/span>\n\t\t\t\t\t\t\t\t<span class=\"elementor-toggle-icon-opened\"><i class=\"elementor-toggle-icon-opened fas fa-chevron-up\"><\/i><\/span>\n\t\t\t\t\t\t\t\t\t\t\t\t\t<\/span>\n\t\t\t\t\t\t\t\t\t\t\t\t<a href=\"\" class=\"elementor-toggle-title\">Le linge \u00e0 la fen\u00eatre<\/a>\n\t\t\t\t\t<\/div>\n\n\t\t\t\t\t<div id=\"elementor-tab-content-9082\" class=\"elementor-tab-content elementor-clearfix\" data-tab=\"2\" role=\"tabpanel\" aria-labelledby=\"elementor-tab-title-9082\"><p>Les fen\u00eatres garnies de v\u00eatements en train de s\u00e9cher font partie des d\u00e9cors familiers des rues m\u00e9di\u00e9vales de Lisbonne. Chemises, serviettes, T-shirts, bien align\u00e9s comme dans un d\u00e9fil\u00e9, sont expos\u00e9s au caprice du vent et du soleil. C\u2019est un avantage des pays du sud o\u00f9 le temps est souvent cl\u00e9ment. Les femmes (tr\u00e8s rarement les hommes !) se haussent sur un tabouret pour se pencher sur le rebord.\u00a0<\/p><p>Elles utilisent de grosses cordes qu\u2019elles tendent au bout d\u2019un b\u00e2ton, ou encore un c\u00e2ble accroch\u00e9 \u00e0 chaque coin de la fen\u00eatre qui roule gr\u00e2ce \u00e0 deux petites poulies. En g\u00e9n\u00e9ral, mal huil\u00e9es, ces poulies \u00e9mettent un bruit caract\u00e9ristique bien familier ! On \u00e9tend son linge de jour, quand les voisins veillent, pour ne pas se le faire voler.<\/p><p>Se promener dans ces ruelles permet un jeu amusant de devinettes sur les occupants. Par pudeur, on dispose les culottes dans les intervalles des autres pi\u00e8ces. Dans les immeubles r\u00e9cents, cette pratique a disparu. Esp\u00e9rons que le linge continuera \u00e0 \u00e9gayer les fen\u00eatres lisbo\u00e8tes, comme un clin d\u2019\u0153il \u00e0 la douceur de vivre traditionnelle\u2026<\/p><\/div>\n\t\t\t\t<\/div>\n\t\t\t\t\t\t\t<div class=\"elementor-toggle-item\">\n\t\t\t\t\t<div id=\"elementor-tab-title-9083\" class=\"elementor-tab-title\" data-tab=\"3\" role=\"tab\" aria-controls=\"elementor-tab-content-9083\" aria-expanded=\"false\">\n\t\t\t\t\t\t\t\t\t\t\t\t<span class=\"elementor-toggle-icon elementor-toggle-icon-left\" aria-hidden=\"true\">\n\t\t\t\t\t\t\t\t\t\t\t\t\t\t\t<span class=\"elementor-toggle-icon-closed\"><i class=\"fas fa-chevron-down\"><\/i><\/span>\n\t\t\t\t\t\t\t\t<span class=\"elementor-toggle-icon-opened\"><i class=\"elementor-toggle-icon-opened fas fa-chevron-up\"><\/i><\/span>\n\t\t\t\t\t\t\t\t\t\t\t\t\t<\/span>\n\t\t\t\t\t\t\t\t\t\t\t\t<a href=\"\" class=\"elementor-toggle-title\">La liqueur Eduardino du Rossio<\/a>\n\t\t\t\t\t<\/div>\n\n\t\t\t\t\t<div id=\"elementor-tab-content-9083\" class=\"elementor-tab-content elementor-clearfix\" data-tab=\"3\" role=\"tabpanel\" aria-labelledby=\"elementor-tab-title-9083\"><p>Vous connaissez tous la Ginjinha. Mais connaissez-vous aussi l\u2019Eduardino\u00a0?<\/p><p>La tradition raconte qu\u2019au d\u00e9but du XX\u00e8me si\u00e8cle, une compagnie de cirque italienne vint \u00e0 Lisbonne pour pr\u00e9senter un spectacle au Coliseu dos Recreios. Dans la troupe, il y avait un clown appel\u00e9 Eduardo qui, quotidiennement, en fin d\u2019apr\u00e8s-midi, venait \u00e0 la taverne de M. Lima pour d\u00e9guster une Ginjinha. Un jour, il eut l\u2019id\u00e9e de demander un cocktail des diff\u00e9rentes bouteilles expos\u00e9es. A la grande surprise du propri\u00e9taire, le client sembla satisfait. Le m\u00e9lange avait un go\u00fbt agr\u00e9able. Alors M. Lima eut l\u2019id\u00e9e de remplir une bouteille de ce m\u00e9lange et lui donna le nom de son nouveau client\u00a0; l\u2019Eduardino \u00e9tait n\u00e9. Les habitu\u00e9s l\u2019appr\u00e9ci\u00e8rent aussi imm\u00e9diatement. M. Lima monta alors dans son arri\u00e8re-boutique un atelier pour remplir les bouteilles et les vendre aux maisons lisbo\u00e8tes sp\u00e9cialis\u00e9es en liqueurs. C\u2019est ainsi que l\u2019Eduardino est devenu une liqueur typiquement lisbo\u00e8te.<\/p><p>A d\u00e9guster \u00e0 A Ginjinha sem rival, au tout d\u00e9but de la rua das Portas de S\u00e3o Ant\u00e3o.<\/p><\/div>\n\t\t\t\t<\/div>\n\t\t\t\t\t\t\t<div class=\"elementor-toggle-item\">\n\t\t\t\t\t<div id=\"elementor-tab-title-9084\" class=\"elementor-tab-title\" data-tab=\"4\" role=\"tab\" aria-controls=\"elementor-tab-content-9084\" aria-expanded=\"false\">\n\t\t\t\t\t\t\t\t\t\t\t\t<span class=\"elementor-toggle-icon elementor-toggle-icon-left\" aria-hidden=\"true\">\n\t\t\t\t\t\t\t\t\t\t\t\t\t\t\t<span class=\"elementor-toggle-icon-closed\"><i class=\"fas fa-chevron-down\"><\/i><\/span>\n\t\t\t\t\t\t\t\t<span class=\"elementor-toggle-icon-opened\"><i class=\"elementor-toggle-icon-opened fas fa-chevron-up\"><\/i><\/span>\n\t\t\t\t\t\t\t\t\t\t\t\t\t<\/span>\n\t\t\t\t\t\t\t\t\t\t\t\t<a href=\"\" class=\"elementor-toggle-title\">Construction pombaline \"parede de gaiola\"<\/a>\n\t\t\t\t\t<\/div>\n\n\t\t\t\t\t<div id=\"elementor-tab-content-9084\" class=\"elementor-tab-content elementor-clearfix\" data-tab=\"4\" role=\"tabpanel\" aria-labelledby=\"elementor-tab-title-9084\"><p>Apr\u00e8s le terrible tremblement de terre de 1755, le Marquis de Pombal ordonna l&#8217;utilisation obligatoire de &#8220;murs \u00e0 la fa\u00e7on de cage \u00e0 oiseaux (=gaiola).\u00a0<\/p><p>Il s&#8217;agit de poutres en bois dispos\u00e9es verticalement et obliquement dont les interstices sont remplis de mortier (en g\u00e9n\u00e9ral des petites pierres calcaires irr\u00e9guli\u00e8res, du sable et de la chaux). Ce type de construction est anti-sismique car il permet de dissiper l&#8217;\u00e9nergie du s\u00e9isme entre les diff\u00e9rentes composantes de la construction.<\/p><\/div>\n\t\t\t\t<\/div>\n\t\t\t\t\t\t\t<div class=\"elementor-toggle-item\">\n\t\t\t\t\t<div id=\"elementor-tab-title-9085\" class=\"elementor-tab-title\" data-tab=\"5\" role=\"tab\" aria-controls=\"elementor-tab-content-9085\" aria-expanded=\"false\">\n\t\t\t\t\t\t\t\t\t\t\t\t<span class=\"elementor-toggle-icon elementor-toggle-icon-left\" aria-hidden=\"true\">\n\t\t\t\t\t\t\t\t\t\t\t\t\t\t\t<span class=\"elementor-toggle-icon-closed\"><i class=\"fas fa-chevron-down\"><\/i><\/span>\n\t\t\t\t\t\t\t\t<span class=\"elementor-toggle-icon-opened\"><i class=\"elementor-toggle-icon-opened fas fa-chevron-up\"><\/i><\/span>\n\t\t\t\t\t\t\t\t\t\t\t\t\t<\/span>\n\t\t\t\t\t\t\t\t\t\t\t\t<a href=\"\" class=\"elementor-toggle-title\">Bo\u00eetes \u00e0 lettres britanniques\u2026<\/a>\n\t\t\t\t\t<\/div>\n\n\t\t\t\t\t<div id=\"elementor-tab-content-9085\" class=\"elementor-tab-content elementor-clearfix\" data-tab=\"5\" role=\"tabpanel\" aria-labelledby=\"elementor-tab-title-9085\"><p>Ces bo\u00eetes au ventre rouge furent les t\u00e9moins d\u2019une \u00e9poque o\u00f9 les lettres \u00e9taient un moyen de communication essentiel, o\u00f9 les timbres s\u2019achetaient patiemment aux guichets des CTT et o\u00f9 la lettre mettait du temps \u00e0 parvenir \u00e0 son destinataire.<\/p><p>Il semble qu\u2019elles aient \u00e9t\u00e9 import\u00e9es de Londres dans les ann\u00e9es 1880. Plus tard, en 1932, apparurent les premi\u00e8res cabines t\u00e9l\u00e9phoniques britanniques, enfin \u00e0 partir des ann\u00e9es 1960,\u00a0les autocars \u00e0 imp\u00e9riale.<\/p><p>\u00abMade in England\u00bb, ils furent tous les trois des icones du mobilier ou de l\u2019environnement urbain de Lisbonne, au XXe si\u00e8cle.\u00a0 Il faut photographier ces bo\u00eetes \u00e0 lettres devenues aujourd&#8217;hui des pi\u00e8ces de mus\u00e9e.<\/p><\/div>\n\t\t\t\t<\/div>\n\t\t\t\t\t\t\t\t<\/div>\n\t\t\t\t<\/div>\n\t\t\t\t<\/div>\n\t\t\t\t\t<\/div>\n\t\t<\/div>\n\t\t\t\t<div class=\"elementor-column elementor-col-50 elementor-top-column elementor-element elementor-element-a89505c\" data-id=\"a89505c\" data-element_type=\"column\">\n\t\t\t<div class=\"elementor-widget-wrap elementor-element-populated\">\n\t\t\t\t\t\t\t\t<div class=\"elementor-element elementor-element-2b3364a elementor-widget elementor-widget-image\" data-id=\"2b3364a\" data-element_type=\"widget\" data-widget_type=\"image.default\">\n\t\t\t\t<div class=\"elementor-widget-container\">\n\t\t\t\t\t\t\t\t\t\t\t\t\t\t\t<img loading=\"lazy\" decoding=\"async\" width=\"1024\" height=\"684\" src=\"https:\/\/www.lisbonaround.com\/wp-content\/uploads\/2023\/05\/ximena-nahmias-cfqFxwhO63U-unsplash-min.jpg\" class=\"attachment-large size-large wp-image-444\" alt=\"\" \/>\t\t\t\t\t\t\t\t\t\t\t\t\t\t\t<\/div>\n\t\t\t\t<\/div>\n\t\t\t\t<div class=\"elementor-element elementor-element-bdf1c05 elementor-widget elementor-widget-text-editor\" data-id=\"bdf1c05\" data-element_type=\"widget\" data-widget_type=\"text-editor.default\">\n\t\t\t\t<div class=\"elementor-widget-container\">\n\t\t\t\t\t\t\t<p style=\"font-size: 14px;\">Linge aux fen\u00eatres<\/p>\t\t\t\t\t\t<\/div>\n\t\t\t\t<\/div>\n\t\t\t\t\t<\/div>\n\t\t<\/div>\n\t\t\t\t\t\t\t<\/div>\n\t\t<\/section>\n\t\t\t\t<section class=\"elementor-section elementor-top-section elementor-element elementor-element-0c642e5 elementor-section-boxed elementor-section-height-default elementor-section-height-default\" data-id=\"0c642e5\" data-element_type=\"section\">\n\t\t\t\t\t\t<div class=\"elementor-container elementor-column-gap-default\">\n\t\t\t\t\t<div class=\"elementor-column elementor-col-50 elementor-top-column elementor-element elementor-element-5616a1e\" data-id=\"5616a1e\" data-element_type=\"column\">\n\t\t\t<div class=\"elementor-widget-wrap elementor-element-populated\">\n\t\t\t\t\t\t\t\t<div class=\"elementor-element elementor-element-71fe7b7 elementor-widget elementor-widget-image\" data-id=\"71fe7b7\" data-element_type=\"widget\" data-widget_type=\"image.default\">\n\t\t\t\t<div class=\"elementor-widget-container\">\n\t\t\t\t\t\t\t\t\t\t\t\t\t\t\t<img loading=\"lazy\" decoding=\"async\" width=\"1024\" height=\"768\" src=\"https:\/\/www.lisbonaround.com\/wp-content\/uploads\/2023\/05\/img_metro-laranjeira.jpg\" class=\"attachment-large size-large wp-image-435\" alt=\"\" \/>\t\t\t\t\t\t\t\t\t\t\t\t\t\t\t<\/div>\n\t\t\t\t<\/div>\n\t\t\t\t<div class=\"elementor-element elementor-element-b8242b2 elementor-widget elementor-widget-text-editor\" data-id=\"b8242b2\" data-element_type=\"widget\" data-widget_type=\"text-editor.default\">\n\t\t\t\t<div class=\"elementor-widget-container\">\n\t\t\t\t\t\t\t<p style=\"font-size: 14px;\">M\u00e9tro Laranjeira<\/p>\t\t\t\t\t\t<\/div>\n\t\t\t\t<\/div>\n\t\t\t\t\t<\/div>\n\t\t<\/div>\n\t\t\t\t<div class=\"elementor-column elementor-col-50 elementor-top-column elementor-element elementor-element-ce0dd60\" data-id=\"ce0dd60\" data-element_type=\"column\">\n\t\t\t<div class=\"elementor-widget-wrap elementor-element-populated\">\n\t\t\t\t\t\t\t\t<div class=\"elementor-element elementor-element-11ff812 elementor-widget elementor-widget-toggle\" data-id=\"11ff812\" data-element_type=\"widget\" data-widget_type=\"toggle.default\">\n\t\t\t\t<div class=\"elementor-widget-container\">\n\t\t\t\t\t<div class=\"elementor-toggle\" role=\"tablist\">\n\t\t\t\t\t\t\t<div class=\"elementor-toggle-item\">\n\t\t\t\t\t<div id=\"elementor-tab-title-1881\" class=\"elementor-tab-title\" data-tab=\"1\" role=\"tab\" aria-controls=\"elementor-tab-content-1881\" aria-expanded=\"false\">\n\t\t\t\t\t\t\t\t\t\t\t\t<span class=\"elementor-toggle-icon elementor-toggle-icon-left\" aria-hidden=\"true\">\n\t\t\t\t\t\t\t\t\t\t\t\t\t\t\t<span class=\"elementor-toggle-icon-closed\"><i class=\"fas fa-chevron-down\"><\/i><\/span>\n\t\t\t\t\t\t\t\t<span class=\"elementor-toggle-icon-opened\"><i class=\"elementor-toggle-icon-opened fas fa-chevron-up\"><\/i><\/span>\n\t\t\t\t\t\t\t\t\t\t\t\t\t<\/span>\n\t\t\t\t\t\t\t\t\t\t\t\t<a href=\"\" class=\"elementor-toggle-title\">Station de m\u00e9tro Santa Apol\u00f3nia<\/a>\n\t\t\t\t\t<\/div>\n\n\t\t\t\t\t<div id=\"elementor-tab-content-1881\" class=\"elementor-tab-content elementor-clearfix\" data-tab=\"1\" role=\"tabpanel\" aria-labelledby=\"elementor-tab-title-1881\"><p>Ouverte depuis d\u00e9cembre 2007, cette station \u00a0permet aux voyageurs qui d\u00e9barquent du train (ou vice-versa), d&#8217;acc\u00e9der directement au m\u00e9tro. Comme toutes les autres stations, la d\u00e9coration s&#8217;inspire de l&#8217;environnement ext\u00e9rieur. C&#8217;est pourquoi l&#8217;architecte Leopoldo Rosa, qui a con\u00e7u les panneaux d&#8217;azulejos, et\u00a0l&#8217;artiste plastique\u00a0Jos\u00e9 Santa B\u00e1rbara, ont choisi de d\u00e9dier leurs deux panneaux aux cheminots. L&#8217;un repr\u00e9sente le personnel qui s&#8217;occupe des voies et l&#8217;autre celui de la traction. Les artistes se sont inspir\u00e9s de photos du milieu du XX\u00e8me si\u00e8cle et de gravures qui rappellent le temps o\u00f9 le fleuve l\u00e9chait l&#8217;ancien couvent de Santa Apol\u00f3nia.<\/p><p>Les azulejos ont \u00e9t\u00e9 fabriqu\u00e9s par la c\u00e9l\u00e8bre F\u00e1brica Vi\u00fava Lamego.<\/p><\/div>\n\t\t\t\t<\/div>\n\t\t\t\t\t\t\t<div class=\"elementor-toggle-item\">\n\t\t\t\t\t<div id=\"elementor-tab-title-1882\" class=\"elementor-tab-title\" data-tab=\"2\" role=\"tab\" aria-controls=\"elementor-tab-content-1882\" aria-expanded=\"false\">\n\t\t\t\t\t\t\t\t\t\t\t\t<span class=\"elementor-toggle-icon elementor-toggle-icon-left\" aria-hidden=\"true\">\n\t\t\t\t\t\t\t\t\t\t\t\t\t\t\t<span class=\"elementor-toggle-icon-closed\"><i class=\"fas fa-chevron-down\"><\/i><\/span>\n\t\t\t\t\t\t\t\t<span class=\"elementor-toggle-icon-opened\"><i class=\"elementor-toggle-icon-opened fas fa-chevron-up\"><\/i><\/span>\n\t\t\t\t\t\t\t\t\t\t\t\t\t<\/span>\n\t\t\t\t\t\t\t\t\t\t\t\t<a href=\"\" class=\"elementor-toggle-title\">A Casa das Vellas Loreto, une des plus anciennes boutiques lisbo\u00e8tes<\/a>\n\t\t\t\t\t<\/div>\n\n\t\t\t\t\t<div id=\"elementor-tab-content-1882\" class=\"elementor-tab-content elementor-clearfix\" data-tab=\"2\" role=\"tabpanel\" aria-labelledby=\"elementor-tab-title-1882\"><p>La maison qui dispose d\u2019une boutique c\u00f4t\u00e9 rue et d\u2019un atelier au fond, \u00e0 l\u2019abri des regards, a en effet ouvert ses portes en\u2026 1789\u00a0! C&#8217;est \u00e0 cette date que le fondateur d\u00e9nicha, dans la France en effervescence, une recette magique, encore inconnue au Portugal, pour fabriquer des bougies avec de la cire d\u2019abeille. Le \u00ab\u00a0Cereeiro do Loreto\u00a0\u00bb produisait des bougies d\u2019excellente qualit\u00e9 et les fournissait si rapidement qu&#8217;il devint fournisseur exclusif de la Maison Royale, du tout proche Th\u00e9\u00e2tre S\u00e3o Carlos \u2026 et m\u00eame des \u00ab\u00a0Ilhas e do Brasil\u00a0\u00bb. Vers 1850, les parois murales furent rev\u00eatues de vitrines en bois de teck et acajou, surmont\u00e9es d\u2019ogives en forme de flamme. C\u2019est encore ce d\u00e9cor unique qui accueille aujourd\u2019hui les clients en qu\u00eate de cierges religieux ou de bougies d\u00e9coratives d\u00e9clin\u00e9es sous toutes les formes, couleurs\u2026 et m\u00eame odeurs.\u00a0<\/p><\/div>\n\t\t\t\t<\/div>\n\t\t\t\t\t\t\t<div class=\"elementor-toggle-item\">\n\t\t\t\t\t<div id=\"elementor-tab-title-1883\" class=\"elementor-tab-title\" data-tab=\"3\" role=\"tab\" aria-controls=\"elementor-tab-content-1883\" aria-expanded=\"false\">\n\t\t\t\t\t\t\t\t\t\t\t\t<span class=\"elementor-toggle-icon elementor-toggle-icon-left\" aria-hidden=\"true\">\n\t\t\t\t\t\t\t\t\t\t\t\t\t\t\t<span class=\"elementor-toggle-icon-closed\"><i class=\"fas fa-chevron-down\"><\/i><\/span>\n\t\t\t\t\t\t\t\t<span class=\"elementor-toggle-icon-opened\"><i class=\"elementor-toggle-icon-opened fas fa-chevron-up\"><\/i><\/span>\n\t\t\t\t\t\t\t\t\t\t\t\t\t<\/span>\n\t\t\t\t\t\t\t\t\t\t\t\t<a href=\"\" class=\"elementor-toggle-title\">Pourquoi tant de corbeaux \u00e0 Lisbonne ?<\/a>\n\t\t\t\t\t<\/div>\n\n\t\t\t\t\t<div id=\"elementor-tab-content-1883\" class=\"elementor-tab-content elementor-clearfix\" data-tab=\"3\" role=\"tabpanel\" aria-labelledby=\"elementor-tab-title-1883\"><p>Ils sont pr\u00e9sents partout, sur le blason, les lampadaires, souvent repr\u00e9sent\u00e9s en mosa\u00efque bicolore sur les trottoirs, et m\u00eame sur les poubelles municipales\u00a0! La l\u00e9gende raconte qu\u2019ils furent, pendant des si\u00e8cles, les gardiens de la cath\u00e9drale&#8230;\u00a0<\/p><p>C\u2019est \u00e0 cause de Saint Vincent, le saint patron des lisbo\u00e8tes\u00a0: martyris\u00e9 sous l\u2019Empereur Diocl\u00e9tien, au IV\u00e8me si\u00e8cle d. C., vers Valence, son corps aurait \u00e9t\u00e9 transport\u00e9 en cachette par bateau par des Chr\u00e9tiens jusqu\u2019\u00e0 l\u2019extr\u00eame pointe Sud-Ouest du Portugal. L\u00e0, des corbeaux auraient prot\u00e9g\u00e9 son tombeau pendant des si\u00e8cles. Dans la seconde moiti\u00e9 du XII\u00e8me si\u00e8cle, le premier roi du Portugal, D. Afonso Henriques, aurait fait rapporter son corps jusqu\u2019\u00e0 la cath\u00e9drale. Les corbeaux auraient suivi Saint Vincent\u2026<\/p><\/div>\n\t\t\t\t<\/div>\n\t\t\t\t\t\t\t<div class=\"elementor-toggle-item\">\n\t\t\t\t\t<div id=\"elementor-tab-title-1884\" class=\"elementor-tab-title\" data-tab=\"4\" role=\"tab\" aria-controls=\"elementor-tab-content-1884\" aria-expanded=\"false\">\n\t\t\t\t\t\t\t\t\t\t\t\t<span class=\"elementor-toggle-icon elementor-toggle-icon-left\" aria-hidden=\"true\">\n\t\t\t\t\t\t\t\t\t\t\t\t\t\t\t<span class=\"elementor-toggle-icon-closed\"><i class=\"fas fa-chevron-down\"><\/i><\/span>\n\t\t\t\t\t\t\t\t<span class=\"elementor-toggle-icon-opened\"><i class=\"elementor-toggle-icon-opened fas fa-chevron-up\"><\/i><\/span>\n\t\t\t\t\t\t\t\t\t\t\t\t\t<\/span>\n\t\t\t\t\t\t\t\t\t\t\t\t<a href=\"\" class=\"elementor-toggle-title\">Des oranges souterraines !<\/a>\n\t\t\t\t\t<\/div>\n\n\t\t\t\t\t<div id=\"elementor-tab-content-1884\" class=\"elementor-tab-content elementor-clearfix\" data-tab=\"4\" role=\"tabpanel\" aria-labelledby=\"elementor-tab-title-1884\"><p>C\u2019est \u00e0 la station de m\u00e9tro \u201cLaranjeiras\u201d (= orangers) qu\u2019elles s\u2019affichent sur les murs. Il s\u2019agit d\u2019un double proc\u00e9d\u00e9 original (de photographie et de reproduction sur c\u00e9ramique) qui a \u00e9t\u00e9 mis au point par le plasticien Rolando S\u00e1 Nogueira. Jusqu\u2019alors, les panneaux \u00e9taient peints manuellement. Ces compositions aux couleurs chaudes r\u00e9chauffent les couloirs \u00e0 la dominante r\u00e9solument froide et blanche. Petites ou grandes selon la perspective, enti\u00e8res ou coup\u00e9es en deux, flottant sur un nuage bleu fonc\u00e9 ou entour\u00e9es de feuilles vertes, les oranges \u00ab\u00a0das Laranjeiras\u00a0\u00bb attirent l\u2019\u0153il des passagers du m\u00e9tro.<\/p><\/div>\n\t\t\t\t<\/div>\n\t\t\t\t\t\t\t<div class=\"elementor-toggle-item\">\n\t\t\t\t\t<div id=\"elementor-tab-title-1885\" class=\"elementor-tab-title\" data-tab=\"5\" role=\"tab\" aria-controls=\"elementor-tab-content-1885\" aria-expanded=\"false\">\n\t\t\t\t\t\t\t\t\t\t\t\t<span class=\"elementor-toggle-icon elementor-toggle-icon-left\" aria-hidden=\"true\">\n\t\t\t\t\t\t\t\t\t\t\t\t\t\t\t<span class=\"elementor-toggle-icon-closed\"><i class=\"fas fa-chevron-down\"><\/i><\/span>\n\t\t\t\t\t\t\t\t<span class=\"elementor-toggle-icon-opened\"><i class=\"elementor-toggle-icon-opened fas fa-chevron-up\"><\/i><\/span>\n\t\t\t\t\t\t\t\t\t\t\t\t\t<\/span>\n\t\t\t\t\t\t\t\t\t\t\t\t<a href=\"\" class=\"elementor-toggle-title\">La l\u00e9gende des amandiers en fleurs<\/a>\n\t\t\t\t\t<\/div>\n\n\t\t\t\t\t<div id=\"elementor-tab-content-1885\" class=\"elementor-tab-content elementor-clearfix\" data-tab=\"5\" role=\"tabpanel\" aria-labelledby=\"elementor-tab-title-1885\"><p>Il y a fort longtemps vivaient en Algarve un prince chr\u00e9tien et une princesse nordique. Ils \u00e9taient tr\u00e8s heureux ensemble jusqu\u2019au jour o\u00f9 le prince remarqua que la princesse devenait de plus en plus triste au point de, parfois, ne plus sortir de sa chambre. Alors, craignant le pire, le prince rassembla tout son courage et lui demanda si elle l\u2019aimait encore&#8230;<\/p><p>\u00ab\u00a0Bien s\u00fbr, lui r\u00e9pondit-elle, je t\u2019aime autant que le jour o\u00f9 je t\u2019ai \u00e9pous\u00e9, mais, vois-tu, les paysages enneig\u00e9s de mon pays me manquent beaucoup. Ici le soleil transforme les champs en vert ou en dor\u00e9 mais jamais je ne les vois blanc\u00a0\u00bb\u2026 Alors, apr\u00e8s avoir longuement r\u00e9fl\u00e9chi, il trouva LA solution\u00a0: le prince fit planter par ses jardiniers des milliers d\u2019amandiers autour du palais.<\/p><p>Un jour de f\u00e9vrier, alors que la princesse se sentait tr\u00e8s d\u00e9prim\u00e9e, le prince vint la trouver et l\u2019amena \u00e0 sa fen\u00eatre\u2026 tout \u00e9tait couvert de milliers de petites fleurs blanches. Des larmes de joie coul\u00e8rent sur les joues de la princesse. L\u2019homme qu\u2019elle aimait avait transform\u00e9 la terre marron en terre couleur de neige. Selon la l\u00e9gende, c\u2019est depuis ce jour qu\u2019il existe autant d\u2019amandiers en Algarve&#8230; et quelques-uns \u00e0 Lisbonne !<\/p><\/div>\n\t\t\t\t<\/div>\n\t\t\t\t\t\t\t\t<\/div>\n\t\t\t\t<\/div>\n\t\t\t\t<\/div>\n\t\t\t\t\t<\/div>\n\t\t<\/div>\n\t\t\t\t\t\t\t<\/div>\n\t\t<\/section>\n\t\t\t\t<section class=\"elementor-section elementor-top-section elementor-element elementor-element-4271f73 elementor-section-boxed elementor-section-height-default elementor-section-height-default\" data-id=\"4271f73\" data-element_type=\"section\">\n\t\t\t\t\t\t<div class=\"elementor-container elementor-column-gap-default\">\n\t\t\t\t\t<div class=\"elementor-column elementor-col-50 elementor-top-column elementor-element elementor-element-ab9693f\" data-id=\"ab9693f\" data-element_type=\"column\">\n\t\t\t<div class=\"elementor-widget-wrap elementor-element-populated\">\n\t\t\t\t\t\t\t\t<div class=\"elementor-element elementor-element-7941e51 elementor-widget elementor-widget-toggle\" data-id=\"7941e51\" data-element_type=\"widget\" data-widget_type=\"toggle.default\">\n\t\t\t\t<div class=\"elementor-widget-container\">\n\t\t\t\t\t<div class=\"elementor-toggle\" role=\"tablist\">\n\t\t\t\t\t\t\t<div class=\"elementor-toggle-item\">\n\t\t\t\t\t<div id=\"elementor-tab-title-1271\" class=\"elementor-tab-title\" data-tab=\"1\" role=\"tab\" aria-controls=\"elementor-tab-content-1271\" aria-expanded=\"false\">\n\t\t\t\t\t\t\t\t\t\t\t\t<span class=\"elementor-toggle-icon elementor-toggle-icon-left\" aria-hidden=\"true\">\n\t\t\t\t\t\t\t\t\t\t\t\t\t\t\t<span class=\"elementor-toggle-icon-closed\"><i class=\"fas fa-chevron-down\"><\/i><\/span>\n\t\t\t\t\t\t\t\t<span class=\"elementor-toggle-icon-opened\"><i class=\"elementor-toggle-icon-opened fas fa-chevron-up\"><\/i><\/span>\n\t\t\t\t\t\t\t\t\t\t\t\t\t<\/span>\n\t\t\t\t\t\t\t\t\t\t\t\t<a href=\"\" class=\"elementor-toggle-title\">La signature des artistes<\/a>\n\t\t\t\t\t<\/div>\n\n\t\t\t\t\t<div id=\"elementor-tab-content-1271\" class=\"elementor-tab-content elementor-clearfix\" data-tab=\"1\" role=\"tabpanel\" aria-labelledby=\"elementor-tab-title-1271\"><p class=\"Normal2 P-2\">Vus de loin, les dessins bicolores semblent respecter ind\u00e9finiment la g\u00e9om\u00e9trie des formes.\u00a0<\/p><p class=\"Normal2 P-2\">Mais, si on ralentit la marche en observant de plus pr\u00e8s ce tapis min\u00e9ral, on d\u00e9couvre des variantes impr\u00e9vues \u00e0 ces motifs impos\u00e9s. Par exemple, \u00e0 l\u2019int\u00e9rieur d\u2019un simple carr\u00e9 blanc se profilent ici une \u00e9toile ou une fleur, l\u00e0 des boules superpos\u00e9es, plus loin encore des formes qui s\u2019encastrent. Ces discr\u00e8tes \u0153uvres d\u2019art sont n\u00e9es de l\u2019imagination d\u2019un paveur anonyme, de sa fantaisie du moment pour \u00e9chapper \u00e0 la routine impos\u00e9e. C\u2019est pour lui un moyen d\u2019attirer l\u2019attention du passant, de personnaliser son travail, de le signer m\u00eame, \u00e0 la fa\u00e7on des tailleurs de pierre du Moyen \u00c2ge.<\/p><\/div>\n\t\t\t\t<\/div>\n\t\t\t\t\t\t\t<div class=\"elementor-toggle-item\">\n\t\t\t\t\t<div id=\"elementor-tab-title-1272\" class=\"elementor-tab-title\" data-tab=\"2\" role=\"tab\" aria-controls=\"elementor-tab-content-1272\" aria-expanded=\"false\">\n\t\t\t\t\t\t\t\t\t\t\t\t<span class=\"elementor-toggle-icon elementor-toggle-icon-left\" aria-hidden=\"true\">\n\t\t\t\t\t\t\t\t\t\t\t\t\t\t\t<span class=\"elementor-toggle-icon-closed\"><i class=\"fas fa-chevron-down\"><\/i><\/span>\n\t\t\t\t\t\t\t\t<span class=\"elementor-toggle-icon-opened\"><i class=\"elementor-toggle-icon-opened fas fa-chevron-up\"><\/i><\/span>\n\t\t\t\t\t\t\t\t\t\t\t\t\t<\/span>\n\t\t\t\t\t\t\t\t\t\t\t\t<a href=\"\" class=\"elementor-toggle-title\">Lisbonne d\u00e9roule pour vous ses tapis<\/a>\n\t\t\t\t\t<\/div>\n\n\t\t\t\t\t<div id=\"elementor-tab-content-1272\" class=\"elementor-tab-content elementor-clearfix\" data-tab=\"2\" role=\"tabpanel\" aria-labelledby=\"elementor-tab-title-1272\"><p>L\u2019\u0153il non averti est surpris de d\u00e9couvrir les tapis, souvent minutieux, qui ornent les trottoirs de la capitale. Ils sont fabriqu\u00e9s \u00e0 partir de petits cailloux blancs (calcaire) ou noirs (basalte), taill\u00e9s par des sp\u00e9cialistes \u00ab\u00a0os calceteiros\u00a0\u00bb. Leur art consiste \u00e0 prendre un caillou dans la paume de la main, \u00e0 l\u2019observer attentivement \u00a0pour trouver le meilleur endroit avant de \u00a0le couper avec un outil tranchant. Il est dispos\u00e9 ensuite autour d\u2019un patron en bois pr\u00e9d\u00e9coup\u00e9 qui est appliqu\u00e9 sur un lit de sable. Les petites pierres taill\u00e9es sont assembl\u00e9es le plus pr\u00e8s possible les unes des autres, \u00e0 la fa\u00e7on d\u2019une mosa\u00efque, autour de cette forme. Puis on retire le patron pour remplir la partie laiss\u00e9e vide avec des pierres d\u2019une autre couleur. Les effets obtenus sont soit g\u00e9om\u00e9triques, soit plus contourn\u00e9s, ou encore figuratifs.<\/p><\/div>\n\t\t\t\t<\/div>\n\t\t\t\t\t\t\t<div class=\"elementor-toggle-item\">\n\t\t\t\t\t<div id=\"elementor-tab-title-1273\" class=\"elementor-tab-title\" data-tab=\"3\" role=\"tab\" aria-controls=\"elementor-tab-content-1273\" aria-expanded=\"false\">\n\t\t\t\t\t\t\t\t\t\t\t\t<span class=\"elementor-toggle-icon elementor-toggle-icon-left\" aria-hidden=\"true\">\n\t\t\t\t\t\t\t\t\t\t\t\t\t\t\t<span class=\"elementor-toggle-icon-closed\"><i class=\"fas fa-chevron-down\"><\/i><\/span>\n\t\t\t\t\t\t\t\t<span class=\"elementor-toggle-icon-opened\"><i class=\"elementor-toggle-icon-opened fas fa-chevron-up\"><\/i><\/span>\n\t\t\t\t\t\t\t\t\t\t\t\t\t<\/span>\n\t\t\t\t\t\t\t\t\t\t\t\t<a href=\"\" class=\"elementor-toggle-title\">L\u2019Auto-Palace, un garage centenaire <\/a>\n\t\t\t\t\t<\/div>\n\n\t\t\t\t\t<div id=\"elementor-tab-content-1273\" class=\"elementor-tab-content elementor-clearfix\" data-tab=\"3\" role=\"tabpanel\" aria-labelledby=\"elementor-tab-title-1273\"><p>Ce garage \u00e0 la fa\u00e7ade \u00e9l\u00e9gante peut para\u00eetre moderne mais il s\u2019agit en fait d\u2019un b\u00e2timent centenaire.<\/p><p>L\u2019\u00e9difice a \u00e9t\u00e9 projet\u00e9 par l\u2019architecte Fernand Touzet selon les plans Eiffel et construit en 1906-1907. A l\u2019\u00e9poque, la rua Alexandre Herculano venait d\u2019\u00eatre perc\u00e9e. Les \u00e9l\u00e9ments les plus notables sont l\u2019harmonieuse structure m\u00e9tallique suffisamment large pour contenir 200 voitures, l\u2019imposante fa\u00e7ade de 42 m\u00e8tres et les vitraux du 1er \u00e9tage sign\u00e9s Claudio Martins.\u00a0<\/p><p>Alors que l\u2019\u00e9closion de l\u2019automobile \u00e9tait encore timide, son propri\u00e9taire, l\u2019industriel anglais Charles Bleck, apparut comme un pr\u00e9curseur et son initiative visionnaire fut salu\u00e9e par les journaux<\/p><p>Le garage comprenait bien s\u00fbr des ateliers de m\u00e9canique, carrosserie, pneumatique et peinture mais aussi de forge, menuiserie, nettoyage des lanternes en cuivre et tapisserie ! Le carburant s\u2019achetait en bidons m\u00e9talliques\u00a0! Comme son nom le laisse deviner, \u201cl\u2019Auto-Palace\u201d \u00e9tait \u00e9galement am\u00e9nag\u00e9 d\u2019une salle de lecture et d\u2019un salon d\u2019exposition accueillant et luxueux o\u00f9 les plus fortun\u00e9s commandaient une carrosserie sur mesure !\u00a0<\/p><p>Depuis les ann\u00e9es 1950, ce garage est propri\u00e9t\u00e9 de \u201cAuto-Industrial S.A.\u201d \u00a0Il a \u00e9t\u00e9 class\u00e9 en 2002 par l\u2019Ordre des Ing\u00e9nieurs Portugais parmi les 100 oeuvres remarquables d\u2019ing\u00e9nierie civile du XX\u00ba si\u00e8cle. A voir \u00e0 l&#8217;int\u00e9rieur une s\u00e9rie de photos anciennes pr\u00e9sent\u00e9es au r\/c du garage et les vitraux au 1er \u00e9tage.<\/p><\/div>\n\t\t\t\t<\/div>\n\t\t\t\t\t\t\t<div class=\"elementor-toggle-item\">\n\t\t\t\t\t<div id=\"elementor-tab-title-1274\" class=\"elementor-tab-title\" data-tab=\"4\" role=\"tab\" aria-controls=\"elementor-tab-content-1274\" aria-expanded=\"false\">\n\t\t\t\t\t\t\t\t\t\t\t\t<span class=\"elementor-toggle-icon elementor-toggle-icon-left\" aria-hidden=\"true\">\n\t\t\t\t\t\t\t\t\t\t\t\t\t\t\t<span class=\"elementor-toggle-icon-closed\"><i class=\"fas fa-chevron-down\"><\/i><\/span>\n\t\t\t\t\t\t\t\t<span class=\"elementor-toggle-icon-opened\"><i class=\"elementor-toggle-icon-opened fas fa-chevron-up\"><\/i><\/span>\n\t\t\t\t\t\t\t\t\t\t\t\t\t<\/span>\n\t\t\t\t\t\t\t\t\t\t\t\t<a href=\"\" class=\"elementor-toggle-title\">Le mus\u00e9e secret de la Fundi\u00e7\u00e3o de Cima a retrouv\u00e9 sa cl\u00e9 !<\/a>\n\t\t\t\t\t<\/div>\n\n\t\t\t\t\t<div id=\"elementor-tab-content-1274\" class=\"elementor-tab-content elementor-clearfix\" data-tab=\"4\" role=\"tabpanel\" aria-labelledby=\"elementor-tab-title-1274\"><p>Vouloir p\u00e9n\u00e9trer dans un mus\u00e9e m\u00e9connu du public oblige parfois \u00e0 commencer par une d\u00e9marche insolite : celle de d\u00e9couvrir qui en d\u00e9tient la cl\u00e9 ! Ce mus\u00e9e myst\u00e9rieux se cache au c\u0153ur de la \u201cFundi\u00e7\u00e3o de Cima\u201d, en face du parvis du Panth\u00e9on national.<\/p><p>Pour l\u2019atteindre, il faut franchir un portail militaire qui porte l\u2019inscription 1762, puis une rampe pav\u00e9e et en coude, avant de d\u00e9boucher sur une cour int\u00e9rieure. Il se compose d\u2019une pi\u00e8ce unique qui renferme de nombreux moules de statues lisbo\u00e8tes. C\u2019est en effet dans ces lieux &#8211; les ateliers de l\u2019Arsenal de l\u2019arm\u00e9e &#8211; qu\u2019elles furent fondues\u00a0; la statue \u00e9questre du roi D. Jos\u00e9, qui tr\u00f4ne depuis 1775 au milieu de la Place du Commerce, releva de l\u2019exploit car c\u2019\u00e9tait la premi\u00e8re fois qu\u2019une entreprise de cette envergure \u00e9tait men\u00e9e \u00e0 bien dans l\u2019Arsenal. La statue mesure 6,93 m. ! Le moule, qui se trouve lui aussi dans ce mus\u00e9e, est si haut qu\u2019il ne peut \u00eatre retir\u00e9 de cet espace ! Il est int\u00e9ressant de s\u2019en approcher pour appr\u00e9cier sa taille\u00a0; le plus simple est de s\u2019y rendre \u2013 aux heures de bureau \u2013 et de nettoyer une vitre pour apercevoir, de l\u2019ext\u00e9rieur, ces pr\u00e9sences imposantes et muettes, sans chercher \u00e0 entrer dans le mus\u00e9e.\u00a0<\/p><p>Depuis peu, on peut t\u00e9l\u00e9phoner au Mus\u00e9e militaire pour organiser une visite du mus\u00e9e secret&#8230;<\/p><\/div>\n\t\t\t\t<\/div>\n\t\t\t\t\t\t\t<div class=\"elementor-toggle-item\">\n\t\t\t\t\t<div id=\"elementor-tab-title-1275\" class=\"elementor-tab-title\" data-tab=\"5\" role=\"tab\" aria-controls=\"elementor-tab-content-1275\" aria-expanded=\"false\">\n\t\t\t\t\t\t\t\t\t\t\t\t<span class=\"elementor-toggle-icon elementor-toggle-icon-left\" aria-hidden=\"true\">\n\t\t\t\t\t\t\t\t\t\t\t\t\t\t\t<span class=\"elementor-toggle-icon-closed\"><i class=\"fas fa-chevron-down\"><\/i><\/span>\n\t\t\t\t\t\t\t\t<span class=\"elementor-toggle-icon-opened\"><i class=\"elementor-toggle-icon-opened fas fa-chevron-up\"><\/i><\/span>\n\t\t\t\t\t\t\t\t\t\t\t\t\t<\/span>\n\t\t\t\t\t\t\t\t\t\t\t\t<a href=\"\" class=\"elementor-toggle-title\">Le dernier chapelier du Rossio<\/a>\n\t\t\t\t\t<\/div>\n\n\t\t\t\t\t<div id=\"elementor-tab-content-1275\" class=\"elementor-tab-content elementor-clearfix\" data-tab=\"5\" role=\"tabpanel\" aria-labelledby=\"elementor-tab-title-1275\"><p>Apr\u00e8s le tremblement de terre du 01\/11\/1755, le Marquis de Pombal imposa la reconstruction du quartier bas \u2013 A Baixa &#8211; selon un type d\u2019architecture moderne et obligea \u00e9galement les commer\u00e7ants \u00e0 s\u2019installer dans des rues qui leur \u00e9taient d\u00e9sign\u00e9es, en fonction des articles qu\u2019ils vendaient. De nos jours, ces regroupements corporatifs existent encore en partie (rua do Ouro, da Prata, dos Sapateiros, dos Douradores\u2026).<\/p><p>La grande place du quartier, le Rossio, devait regrouper les chapeliers. Jusque dans les ann\u00e9es 1960, la biens\u00e9ance imposait de marcher dans la rue en portant un chapeau. C\u2019est pourquoi ce chapelier Azevedo Rua \u00e9tait encore tr\u00e8s pris\u00e9 au milieu du XX\u00ba par toutes les couches sociales, des ouvriers au Pr\u00e9sident de la R\u00e9publique.<\/p><p>Aujourd\u2019hui la vitrine affiche une grande nostalgie. C\u2019est la derni\u00e8re boutique survivante de ce commerce relique. Il faut y p\u00e9n\u00e9trer pour ressentir cette atmosph\u00e8re d\u2019antan et admirer l\u2019\u00e9l\u00e9gance des coiffes et des cannes.<\/p><\/div>\n\t\t\t\t<\/div>\n\t\t\t\t\t\t\t\t<\/div>\n\t\t\t\t<\/div>\n\t\t\t\t<\/div>\n\t\t\t\t\t<\/div>\n\t\t<\/div>\n\t\t\t\t<div class=\"elementor-column elementor-col-50 elementor-top-column elementor-element elementor-element-f78a6d2\" data-id=\"f78a6d2\" data-element_type=\"column\">\n\t\t\t<div class=\"elementor-widget-wrap elementor-element-populated\">\n\t\t\t\t\t\t\t\t<div class=\"elementor-element elementor-element-41b5345 elementor-widget elementor-widget-image\" data-id=\"41b5345\" data-element_type=\"widget\" data-widget_type=\"image.default\">\n\t\t\t\t<div class=\"elementor-widget-container\">\n\t\t\t\t\t\t\t\t\t\t\t\t\t\t\t<img loading=\"lazy\" decoding=\"async\" width=\"635\" height=\"400\" src=\"https:\/\/www.lisbonaround.com\/wp-content\/uploads\/2023\/05\/img_Chapelarias-Azevedo.jpg\" class=\"attachment-large size-large wp-image-429\" alt=\"\" \/>\t\t\t\t\t\t\t\t\t\t\t\t\t\t\t<\/div>\n\t\t\t\t<\/div>\n\t\t\t\t<div class=\"elementor-element elementor-element-21b9a8e elementor-widget elementor-widget-text-editor\" data-id=\"21b9a8e\" data-element_type=\"widget\" data-widget_type=\"text-editor.default\">\n\t\t\t\t<div class=\"elementor-widget-container\">\n\t\t\t\t\t\t\t<p style=\"font-size: 14px;\">Chapelaria Azevedo<\/p>\t\t\t\t\t\t<\/div>\n\t\t\t\t<\/div>\n\t\t\t\t\t<\/div>\n\t\t<\/div>\n\t\t\t\t\t\t\t<\/div>\n\t\t<\/section>\n\t\t\t\t<section class=\"elementor-section elementor-top-section elementor-element elementor-element-46d3341 elementor-section-boxed elementor-section-height-default elementor-section-height-default\" data-id=\"46d3341\" data-element_type=\"section\">\n\t\t\t\t\t\t<div class=\"elementor-container elementor-column-gap-default\">\n\t\t\t\t\t<div class=\"elementor-column elementor-col-50 elementor-top-column elementor-element elementor-element-61717cb\" data-id=\"61717cb\" data-element_type=\"column\">\n\t\t\t<div class=\"elementor-widget-wrap elementor-element-populated\">\n\t\t\t\t\t\t\t\t<div class=\"elementor-element elementor-element-5459f2a elementor-widget elementor-widget-image\" data-id=\"5459f2a\" data-element_type=\"widget\" data-widget_type=\"image.default\">\n\t\t\t\t<div class=\"elementor-widget-container\">\n\t\t\t\t\t\t\t\t\t\t\t\t\t\t\t<img loading=\"lazy\" decoding=\"async\" width=\"1024\" height=\"576\" src=\"https:\/\/www.lisbonaround.com\/wp-content\/uploads\/2023\/05\/img_estadio-da-luz.jpg\" class=\"attachment-large size-large wp-image-436\" alt=\"\" \/>\t\t\t\t\t\t\t\t\t\t\t\t\t\t\t<\/div>\n\t\t\t\t<\/div>\n\t\t\t\t<div class=\"elementor-element elementor-element-d083e88 elementor-widget elementor-widget-text-editor\" data-id=\"d083e88\" data-element_type=\"widget\" data-widget_type=\"text-editor.default\">\n\t\t\t\t<div class=\"elementor-widget-container\">\n\t\t\t\t\t\t\t<p style=\"font-size: 14px;\">Est\u00e1dio da Luz<\/p>\t\t\t\t\t\t<\/div>\n\t\t\t\t<\/div>\n\t\t\t\t\t<\/div>\n\t\t<\/div>\n\t\t\t\t<div class=\"elementor-column elementor-col-50 elementor-top-column elementor-element elementor-element-53f2b42\" data-id=\"53f2b42\" data-element_type=\"column\">\n\t\t\t<div class=\"elementor-widget-wrap elementor-element-populated\">\n\t\t\t\t\t\t\t\t<div class=\"elementor-element elementor-element-7d41fd3 elementor-widget elementor-widget-toggle\" data-id=\"7d41fd3\" data-element_type=\"widget\" data-widget_type=\"toggle.default\">\n\t\t\t\t<div class=\"elementor-widget-container\">\n\t\t\t\t\t<div class=\"elementor-toggle\" role=\"tablist\">\n\t\t\t\t\t\t\t<div class=\"elementor-toggle-item\">\n\t\t\t\t\t<div id=\"elementor-tab-title-1311\" class=\"elementor-tab-title\" data-tab=\"1\" role=\"tab\" aria-controls=\"elementor-tab-content-1311\" aria-expanded=\"false\">\n\t\t\t\t\t\t\t\t\t\t\t\t<span class=\"elementor-toggle-icon elementor-toggle-icon-left\" aria-hidden=\"true\">\n\t\t\t\t\t\t\t\t\t\t\t\t\t\t\t<span class=\"elementor-toggle-icon-closed\"><i class=\"fas fa-chevron-down\"><\/i><\/span>\n\t\t\t\t\t\t\t\t<span class=\"elementor-toggle-icon-opened\"><i class=\"elementor-toggle-icon-opened fas fa-chevron-up\"><\/i><\/span>\n\t\t\t\t\t\t\t\t\t\t\t\t\t<\/span>\n\t\t\t\t\t\t\t\t\t\t\t\t<a href=\"\" class=\"elementor-toggle-title\">Maison-mus\u00e9e d'Amalia Rodrigues<\/a>\n\t\t\t\t\t<\/div>\n\n\t\t\t\t\t<div id=\"elementor-tab-content-1311\" class=\"elementor-tab-content elementor-clearfix\" data-tab=\"1\" role=\"tabpanel\" aria-labelledby=\"elementor-tab-title-1311\"><p>La diva du fado a v\u00e9cu dans cette maison des ann\u00e9es 1950 jusqu\u2019\u00e0 sa mort, le 6 octobre 1999. Des visites guid\u00e9es quotidiennes (sauf le lundi) y sont organis\u00e9es. On y retrouve avec \u00e9motion des v\u00eatements et objets personnels, des tableaux et des d\u00e9corations honorifiques qu\u2019elle a re\u00e7ues\u2026 sans oublier un piano \u00e0 queue, une guitare portugaise et quelques ch\u00e2les noirs avec lesquels elle se couvrait les \u00e9paules quand elle chantait.<\/p><\/div>\n\t\t\t\t<\/div>\n\t\t\t\t\t\t\t<div class=\"elementor-toggle-item\">\n\t\t\t\t\t<div id=\"elementor-tab-title-1312\" class=\"elementor-tab-title\" data-tab=\"2\" role=\"tab\" aria-controls=\"elementor-tab-content-1312\" aria-expanded=\"false\">\n\t\t\t\t\t\t\t\t\t\t\t\t<span class=\"elementor-toggle-icon elementor-toggle-icon-left\" aria-hidden=\"true\">\n\t\t\t\t\t\t\t\t\t\t\t\t\t\t\t<span class=\"elementor-toggle-icon-closed\"><i class=\"fas fa-chevron-down\"><\/i><\/span>\n\t\t\t\t\t\t\t\t<span class=\"elementor-toggle-icon-opened\"><i class=\"elementor-toggle-icon-opened fas fa-chevron-up\"><\/i><\/span>\n\t\t\t\t\t\t\t\t\t\t\t\t\t<\/span>\n\t\t\t\t\t\t\t\t\t\t\t\t<a href=\"\" class=\"elementor-toggle-title\">La plaque de circulation de 1686<\/a>\n\t\t\t\t\t<\/div>\n\n\t\t\t\t\t<div id=\"elementor-tab-content-1312\" class=\"elementor-tab-content elementor-clearfix\" data-tab=\"2\" role=\"tabpanel\" aria-labelledby=\"elementor-tab-title-1312\"><p>Les r\u00e8gles de priorit\u00e9, une bien vieille histoire ! \u00a0\u00a0\u00a0\u00a0\u00a0\u00a0\u00a0<\/p><p>&#8220;ANNO DE 1686 \/ SUA MAGEST ORDENA Q OS COCHES SEGES E LITRAS QUE VIERAM DA PORTARIA DO SALVADOR RECUEM PA A MESMA PARTE&#8221;.<\/p><p>Traduction: Sa Majest\u00e9 ordonne que les carrosses, voitures \u00e0 cheval et liti\u00e8res (tir\u00e9es par deux chevaux, un devant et un derri\u00e8re) qui viennent \u00a0de l\u2019entr\u00e9e du Couvent du Sauveur, reculent d\u2019o\u00f9 ils viennent.<\/p><p>Cette plaque se trouve au milieu de la rua do Salvador, tr\u00e8s exactement au num\u00e9ro 26. Cette \u00e9trange pierre sculpt\u00e9e est ench\u00e2ss\u00e9e dans un mur, \u00e0 hauteur d\u2019homme : \u00e0 y regarder de pr\u00e8s, il s\u2019agit d\u2019une plaque de circulation du XVII\u00ba si\u00e8cle ! Comme la circulation s\u2019\u00e9coulait dans les deux sens, lorsqu\u2019un attelage y p\u00e9n\u00e9trait, le cocher ne voyait pas si l\u2019autre extr\u00e9mit\u00e9 \u00e9tait libre ou encombr\u00e9e par d\u2019autres chevaux car cette rue a la f\u00e2cheuse particularit\u00e9 d\u2019\u00eatre fort \u00e9troite et&#8230; en coude ! Pour compliquer encore la t\u00e2che, le c\u00f4t\u00e9 sud de ce \u201cboyau\u201d d\u00e9bouchait pr\u00e8s du \u201cConvento do Salvador\u201d, un des plus riches couvents \u00e0 l\u2019\u00e9poque. La circulation (\u00e0 cheval !) \u00e9tait si intense qu\u2019il fallut la r\u00e9glementer pour \u00e9viter les continuelles disputes. Cette plaque obligeait donc les attelages venant du couvent \u00e0 reculer pour laisser le passage.<\/p><\/div>\n\t\t\t\t<\/div>\n\t\t\t\t\t\t\t<div class=\"elementor-toggle-item\">\n\t\t\t\t\t<div id=\"elementor-tab-title-1313\" class=\"elementor-tab-title\" data-tab=\"3\" role=\"tab\" aria-controls=\"elementor-tab-content-1313\" aria-expanded=\"false\">\n\t\t\t\t\t\t\t\t\t\t\t\t<span class=\"elementor-toggle-icon elementor-toggle-icon-left\" aria-hidden=\"true\">\n\t\t\t\t\t\t\t\t\t\t\t\t\t\t\t<span class=\"elementor-toggle-icon-closed\"><i class=\"fas fa-chevron-down\"><\/i><\/span>\n\t\t\t\t\t\t\t\t<span class=\"elementor-toggle-icon-opened\"><i class=\"elementor-toggle-icon-opened fas fa-chevron-up\"><\/i><\/span>\n\t\t\t\t\t\t\t\t\t\t\t\t\t<\/span>\n\t\t\t\t\t\t\t\t\t\t\t\t<a href=\"\" class=\"elementor-toggle-title\">Deux biblioth\u00e8ques secr\u00e8tes situ\u00e9es entre le Chiado et l\u2019Assembl\u00e9e de la R\u00e9publique :<\/a>\n\t\t\t\t\t<\/div>\n\n\t\t\t\t\t<div id=\"elementor-tab-content-1313\" class=\"elementor-tab-content elementor-clearfix\" data-tab=\"3\" role=\"tabpanel\" aria-labelledby=\"elementor-tab-title-1313\"><p><strong>Biblioth\u00e8que de l\u2019Arm\u00e9e<\/strong><\/p><p>D\u00e9couvrir la \u00ab Livraria dos Paulistas \u00bb rel\u00e8ve du jeu de piste ! Elle se cache au 1er \u00e9tage du Couvent dos Paulistas. Sa situation ob\u00e9it, comme \u00e0 Mafra, aux canons de l\u2019\u00e9poque : les salles de lecture et d\u2019\u00e9tudes devaient \u00eatre isol\u00e9es dans la partie haute et accessibles uniquement par une petite porte. La salle est spacieuse, bien \u00e9clair\u00e9e, les hauts murs de 9,50 m. sont tapiss\u00e9s d\u2019\u00e9tag\u00e8res en bois de ch\u00e2taignier richement travaill\u00e9. Elle renferme environ 14.300 volumes dont certains datent du XVI\u00ba et du XVII\u00ba si\u00e8cle : une \u00ab Cosmographie \u00bb de Sebastien Munstero (1550), le \u00ab Th\u00e9\u00e2tre du monde ou Novel Atlas \u00bb ratur\u00e9 par l\u2019inquisition (1648)\u2026 Adressez-vous au sympathique M. Carlos Cid. Il vous montrera religieusement quelques-uns de ces tr\u00e9sors. Depuis 1837, elle est \u00e0 la charge de l\u2019Arm\u00e9e et, actuellement, la seule qui soit ouverte au public.<\/p><div>\u00a0<\/div><p><strong>Biblioth\u00e8que de l\u2019Acad\u00e9mie des Sciences<\/strong><\/p><p>Voici une biblioth\u00e8que presque inconnue et pourtant \u00e9tonnante par ses dimensions exceptionnelles et par la qualit\u00e9 des volumes qu\u2019elle renferme. Elle se trouve, ici aussi au 1er \u00e9tage, dans l\u2019ancien Convento de Jesus da Ordem Terceira de S\u00e3o Francisco, r\u00e9partie sur trois pi\u00e8ces diff\u00e9rentes : l\u2019immense Salon Noble et la petite salle de lecture attenante, toutes deux couvertes d\u2019\u00e9tag\u00e8res et de balcons en bois sculpt\u00e9, et une derni\u00e8re plus moderne. Y sont conserv\u00e9s, bien s\u00fbr, les documents de l\u2019ancienne et inestimable biblioth\u00e8que du couvent. Elle contient entre autres 3.000 manuscrits arabes, h\u00e9bra\u00efques, portugais et espagnols, des livres pr\u00e9cieux comme \u00ab O livro de Horas da Condessa de Bertiandos (XVI\u00ba), \u00ab O Livro dos Bras\u00f5es \u00bb, \u00ab O Livro das Armadas \u00bb (1563), l\u2019incunable \u201cBiblia Magunti \u00bb (1462) et la premi\u00e8re \u00e9dition de \u00ab Os Lus\u00edadas \u00bb (1572). Le plus incroyable, c\u2019est que bon nombre de ces originaux sont pour le moment encore consultables \u00e0 condition de rev\u00eatir des gants pr\u00eat\u00e9s pour l\u2019occasion !<\/p><div>\u00a0<\/div><p>Le r\u00f4le de cette biblioth\u00e8que ne se limite pas \u00e0 la conservation des vieux \u00e9crits. Elle a \u00e9galement pour mission de conserver tous les articles, textes, et livres publi\u00e9s r\u00e9cemment au Portugal dans le domaine des Sciences et Humanit\u00e9s.<\/p><\/div>\n\t\t\t\t<\/div>\n\t\t\t\t\t\t\t<div class=\"elementor-toggle-item\">\n\t\t\t\t\t<div id=\"elementor-tab-title-1314\" class=\"elementor-tab-title\" data-tab=\"4\" role=\"tab\" aria-controls=\"elementor-tab-content-1314\" aria-expanded=\"false\">\n\t\t\t\t\t\t\t\t\t\t\t\t<span class=\"elementor-toggle-icon elementor-toggle-icon-left\" aria-hidden=\"true\">\n\t\t\t\t\t\t\t\t\t\t\t\t\t\t\t<span class=\"elementor-toggle-icon-closed\"><i class=\"fas fa-chevron-down\"><\/i><\/span>\n\t\t\t\t\t\t\t\t<span class=\"elementor-toggle-icon-opened\"><i class=\"elementor-toggle-icon-opened fas fa-chevron-up\"><\/i><\/span>\n\t\t\t\t\t\t\t\t\t\t\t\t\t<\/span>\n\t\t\t\t\t\t\t\t\t\t\t\t<a href=\"\" class=\"elementor-toggle-title\">Est\u00e1dio Jos\u00e9 Alvalade S\u00e9culo XXI<\/a>\n\t\t\t\t\t<\/div>\n\n\t\t\t\t\t<div id=\"elementor-tab-content-1314\" class=\"elementor-tab-content elementor-clearfix\" data-tab=\"4\" role=\"tabpanel\" aria-labelledby=\"elementor-tab-title-1314\"><p>Le Vicomte Jos\u00e9 de Alvalade, un des fondateurs du \u201cSporting Clube de Portugal\u201d, avait d\u00e9clar\u00e9 : \u00ab\u00a0este ser\u00e1 um clube t\u00e3o grande como os maiores da Europa\u00a0\u00bb\u2026 Son souhait a \u00e9t\u00e9 r\u00e9alis\u00e9 puisque le club compte aujourd\u2019hui environ 5.000 athl\u00e8tes qui pratiquent 21 modalit\u00e9s diff\u00e9rentes. Un premier stade a \u00e9t\u00e9 inaugur\u00e9 en 1956\u00a0; y eurent lieu plus de 2.300 jeux. Comme les conditions acoustiques sont excellentes, des chanteurs de grand renom s\u2019y produisirent fr\u00e9quemment.<\/p><p>D\u00e9moli aujourd\u2019hui, le \u00ab\u00a0vieux\u00a0\u00bb stade a laiss\u00e9 la place \u00e0 un nouveau, juste \u00e0 c\u00f4t\u00e9. L\u2019architecte en chef \u2013 Tom\u00e1s Taveira \u2013 a imagin\u00e9 une couverture verte, soutenue par quatre \u00e9normes m\u00e2ts de 65 m. de haut. Si la couleur dominante est celle du club \u2013 verte et jaune \u2013 l\u2019ensemble est tr\u00e8s color\u00e9, en particulier les si\u00e8ges et les murs. Sa capacit\u00e9 est de 52.000 places couvertes.\u00a0<\/p><p>Autour de cet espace central sont dispos\u00e9s un centre commercial, un health-club, 16 cin\u00e9mas \u00ab\u00a0millenium\u00a0\u00bb, une des plus grandes surfaces de bowling d\u2019Europe, une clinique sp\u00e9cialis\u00e9e dans les l\u00e9sions sportives, un centre d\u2019escalade\u2026\u00a0<\/p><div>\u00a0<\/div><p>Le stade a \u00e9t\u00e9 inaugur\u00e9 le 6 ao\u00fbt 2003 avec le match Manchester United \/ Sporting, ce qui a permis de d\u00e9tecter des failles dans l\u2019organisation.\u00a0Par suite du peu d\u2019ensoleillement, de la chaleur estivale tr\u00e8s forte et de la mauvaise ventilation \u00e0 l\u2019int\u00e9rieur du stade, des champignons microscopiques rong\u00e8rent la pelouse. Apr\u00e8s cinq matchs seulement, il fut d\u00e9cid\u00e9 d\u2019enlever l\u2019herbe et le sable dont le grain \u00e9tait trop gros. On fit appel \u00e0 la m\u00eame entreprise espagnole qui s\u2019\u00e9tait charg\u00e9e avec succ\u00e8s de l\u2019installation de la pelouse du stade du Real Madrid\u00a0; pour un co\u00fbt de 700.000 euros, furent \u00e9tendues une nouvelle couche de sable plus fin, des fibres synth\u00e9tiques entrelac\u00e9es tr\u00e8s serr\u00e9es, et par-dessus, des bobines d\u2019herbe naturelle qu\u2019il fallut d\u00e9rouler, allonger et coudre m\u00e9caniquement.\u00a0<\/p><\/div>\n\t\t\t\t<\/div>\n\t\t\t\t\t\t\t<div class=\"elementor-toggle-item\">\n\t\t\t\t\t<div id=\"elementor-tab-title-1315\" class=\"elementor-tab-title\" data-tab=\"5\" role=\"tab\" aria-controls=\"elementor-tab-content-1315\" aria-expanded=\"false\">\n\t\t\t\t\t\t\t\t\t\t\t\t<span class=\"elementor-toggle-icon elementor-toggle-icon-left\" aria-hidden=\"true\">\n\t\t\t\t\t\t\t\t\t\t\t\t\t\t\t<span class=\"elementor-toggle-icon-closed\"><i class=\"fas fa-chevron-down\"><\/i><\/span>\n\t\t\t\t\t\t\t\t<span class=\"elementor-toggle-icon-opened\"><i class=\"elementor-toggle-icon-opened fas fa-chevron-up\"><\/i><\/span>\n\t\t\t\t\t\t\t\t\t\t\t\t\t<\/span>\n\t\t\t\t\t\t\t\t\t\t\t\t<a href=\"\" class=\"elementor-toggle-title\">Est\u00e1dio da Luz<\/a>\n\t\t\t\t\t<\/div>\n\n\t\t\t\t\t<div id=\"elementor-tab-content-1315\" class=\"elementor-tab-content elementor-clearfix\" data-tab=\"5\" role=\"tabpanel\" aria-labelledby=\"elementor-tab-title-1315\"><p>Apr\u00e8s cinquante ans d\u2019existence, le \u201cvieux\u201d Est\u00e1dio da Luz a laiss\u00e9 la place \u00e0 un nouveau \u00ab\u00a0ninho das \u00e1guias\u00a0\u00bb. Son architecte en chef \u2013 l\u2019australien Damon Lavelle \u2013 n\u2019en est pas \u00e0 son coup d\u2019essai puisque c\u2019est lui qui a dessin\u00e9 le stade olympique de Sydney. Il a con\u00e7u la nouvelle cath\u00e9drale du Benfica avec des grands arcs et des colonnes d\u2019acier, dans un style sobre et des tonalit\u00e9s rouges et grises. La capacit\u00e9 est de 65.000 places couvertes. Les gradins sont ici plus obliques et les si\u00e8ges \u00ab\u00a0rouge Benfica\u00a0\u00bb. Deux \u00e9crans g\u00e9ants sont accroch\u00e9s derri\u00e8re les buts.<\/p><p>Pour ne pas renier son nom (\u00ab\u00a0luz\u00a0\u00bb = lumi\u00e8re), la couverture translucide laisse passer la luminosit\u00e9 naturelle et donne une impression de l\u00e9g\u00e8ret\u00e9. Autour du stade sont diss\u00e9min\u00e9s 156 loges pour les entreprises et une pr\u00e9sidentielle, une zone V.I.P., des installations sportives tr\u00e8s vari\u00e9es, deux health-clubs, des espaces sp\u00e9cialement dessin\u00e9s pour les handicap\u00e9s, et aussi un megastore, 55 bars, deux restaurants panoramiques, enfin, le mus\u00e9e du club, dans la partie Est.<\/p><p>Ce stade est \u00e9galement bord\u00e9 d\u2019une route circulaire. Sous la pelouse sont cach\u00e9es 1.410 places de parking sur trois \u00e9tages.C&#8217;est dans ce stade que s&#8217;est disput\u00e9e la finale de l\u2019Euro 2004, le 4 juillet 2004.<\/p><\/div>\n\t\t\t\t<\/div>\n\t\t\t\t\t\t\t\t<\/div>\n\t\t\t\t<\/div>\n\t\t\t\t<\/div>\n\t\t\t\t\t<\/div>\n\t\t<\/div>\n\t\t\t\t\t\t\t<\/div>\n\t\t<\/section>\n\t\t\t\t<section class=\"elementor-section elementor-top-section elementor-element elementor-element-395bcb9 elementor-section-boxed elementor-section-height-default elementor-section-height-default\" data-id=\"395bcb9\" data-element_type=\"section\">\n\t\t\t\t\t\t<div class=\"elementor-container elementor-column-gap-default\">\n\t\t\t\t\t<div class=\"elementor-column elementor-col-50 elementor-top-column elementor-element elementor-element-f1fcc41\" data-id=\"f1fcc41\" data-element_type=\"column\">\n\t\t\t<div class=\"elementor-widget-wrap elementor-element-populated\">\n\t\t\t\t\t\t\t\t<div class=\"elementor-element elementor-element-007c73e elementor-widget elementor-widget-toggle\" data-id=\"007c73e\" data-element_type=\"widget\" data-widget_type=\"toggle.default\">\n\t\t\t\t<div class=\"elementor-widget-container\">\n\t\t\t\t\t<div class=\"elementor-toggle\" role=\"tablist\">\n\t\t\t\t\t\t\t<div class=\"elementor-toggle-item\">\n\t\t\t\t\t<div id=\"elementor-tab-title-5091\" class=\"elementor-tab-title\" data-tab=\"1\" role=\"tab\" aria-controls=\"elementor-tab-content-5091\" aria-expanded=\"false\">\n\t\t\t\t\t\t\t\t\t\t\t\t<span class=\"elementor-toggle-icon elementor-toggle-icon-left\" aria-hidden=\"true\">\n\t\t\t\t\t\t\t\t\t\t\t\t\t\t\t<span class=\"elementor-toggle-icon-closed\"><i class=\"fas fa-chevron-down\"><\/i><\/span>\n\t\t\t\t\t\t\t\t<span class=\"elementor-toggle-icon-opened\"><i class=\"elementor-toggle-icon-opened fas fa-chevron-up\"><\/i><\/span>\n\t\t\t\t\t\t\t\t\t\t\t\t\t<\/span>\n\t\t\t\t\t\t\t\t\t\t\t\t<a href=\"\" class=\"elementor-toggle-title\">Lisbo\u00e8tes ou \"Alfacinhas\" ?<\/a>\n\t\t\t\t\t<\/div>\n\n\t\t\t\t\t<div id=\"elementor-tab-content-5091\" class=\"elementor-tab-content elementor-clearfix\" data-tab=\"1\" role=\"tabpanel\" aria-labelledby=\"elementor-tab-title-5091\"><p class=\"Normal2 P-2\">L\u2019origine de ce surnom attribu\u00e9 aux habitants de Lisbonne est incertaine. Certains affirment que ce qualificatif proviendrait de leur go\u00fbt prononc\u00e9 \u00e0 manger de la salade (= alface), ou encore de leur habitude \u00e0 se rendre dans la campagne environnante (= \u201cir \u00e0s hortas arrabaldinas\u201d) pour profiter de la fra\u00eecheur et du calme.<\/p><p class=\"Normal2 P-2\">D\u2019autres pr\u00e9tendent que l\u2019aspect d\u00e9licat des feuilles de salade \u00e9tait compar\u00e9 au XVIII\u00ba si\u00e8cle \u00e0 la fa\u00e7on de s\u2019habiller et de vivre des \u00e9l\u00e9gants (encore appel\u00e9s \u201cjanotas\u201d), \u00e0 la fois indolents et affect\u00e9s dans une cour pacifiste et formaliste.\u201cAlfacinha\u201d (= petite salade) prit alors une connotation p\u00e9jorative.<\/p><p class=\"Normal2 P-2\">Par la suite, il s\u2019appliqua \u00e0 tout citadin, en opposition au provincial, plus rustre dans ses mani\u00e8res. Enfin, \u00e0 partir du XX\u00ba si\u00e8cle, et encore aujourd\u2019hui, il qualifie indiff\u00e9remment les Lisbo\u00e8tes.<\/p><\/div>\n\t\t\t\t<\/div>\n\t\t\t\t\t\t\t<div class=\"elementor-toggle-item\">\n\t\t\t\t\t<div id=\"elementor-tab-title-5092\" class=\"elementor-tab-title\" data-tab=\"2\" role=\"tab\" aria-controls=\"elementor-tab-content-5092\" aria-expanded=\"false\">\n\t\t\t\t\t\t\t\t\t\t\t\t<span class=\"elementor-toggle-icon elementor-toggle-icon-left\" aria-hidden=\"true\">\n\t\t\t\t\t\t\t\t\t\t\t\t\t\t\t<span class=\"elementor-toggle-icon-closed\"><i class=\"fas fa-chevron-down\"><\/i><\/span>\n\t\t\t\t\t\t\t\t<span class=\"elementor-toggle-icon-opened\"><i class=\"elementor-toggle-icon-opened fas fa-chevron-up\"><\/i><\/span>\n\t\t\t\t\t\t\t\t\t\t\t\t\t<\/span>\n\t\t\t\t\t\t\t\t\t\t\t\t<a href=\"\" class=\"elementor-toggle-title\">La revanche des herboristes\u2026<\/a>\n\t\t\t\t\t<\/div>\n\n\t\t\t\t\t<div id=\"elementor-tab-content-5092\" class=\"elementor-tab-content elementor-clearfix\" data-tab=\"2\" role=\"tabpanel\" aria-labelledby=\"elementor-tab-title-5092\"><p>Si en France le m\u00e9tier d\u2019herboriste a pratiquement disparu au profit de celui de pharmacien, au Portugal les herboristes continuent l\u00e9galement de pratiquer cette science bas\u00e9e sur la tradition. Du nord au sud du pays, certains villageois ramassent et s\u00e8chent les feuilles, tiges, racines, tubercules, fruits, fleurs et graines, selon leurs propri\u00e9t\u00e9s respectives. Puis ils les revendent \u00e0 des grossistes qui les conditionnent. La plus ancienne \u00abErvan\u00e1ria\u00bb de Lisbonne, celle du Largo da Anunciada (Restauradores) existe depuis 1793\u00a0! Deux autres, dans la rua da Madalena, \u00e9taient tenues par la m\u00eame famille. On peut y acheter les fameux \u00abRebu\u00e7ados peitorais 1793\u00bb contre la toux. Un prospectus vous sera offert pour vous guider dans votre choix. Un conseil qui ne me semble pas s\u00e9rieux\u00a0: demandez \u00e0 voir les \u00abPepinos-de-s\u00e3o-greg\u00f3rio\u00bb, de petits concombres baignant dans l\u2019alcool qu\u2019il suffit de respirer pour gu\u00e9rir de la sinusite&#8230;ou encore des b\u00e2tons d\u2019encens (cf. photo) pour r\u00e9soudre vos \u00abcasos imposs\u00edveis\u00bb et vos \u00abcasos amorosos\u00bb\u00a0!!<\/p><p>Tr\u00eave de plaisanterie, la consommation de ces produits naturels tend \u00e0 augmenter au d\u00e9triment des produits synth\u00e9tiques vendus en pharmacie.<\/p><\/div>\n\t\t\t\t<\/div>\n\t\t\t\t\t\t\t<div class=\"elementor-toggle-item\">\n\t\t\t\t\t<div id=\"elementor-tab-title-5093\" class=\"elementor-tab-title\" data-tab=\"3\" role=\"tab\" aria-controls=\"elementor-tab-content-5093\" aria-expanded=\"false\">\n\t\t\t\t\t\t\t\t\t\t\t\t<span class=\"elementor-toggle-icon elementor-toggle-icon-left\" aria-hidden=\"true\">\n\t\t\t\t\t\t\t\t\t\t\t\t\t\t\t<span class=\"elementor-toggle-icon-closed\"><i class=\"fas fa-chevron-down\"><\/i><\/span>\n\t\t\t\t\t\t\t\t<span class=\"elementor-toggle-icon-opened\"><i class=\"elementor-toggle-icon-opened fas fa-chevron-up\"><\/i><\/span>\n\t\t\t\t\t\t\t\t\t\t\t\t\t<\/span>\n\t\t\t\t\t\t\t\t\t\t\t\t<a href=\"\" class=\"elementor-toggle-title\">Os chinelos de pano da av\u00f3 (= \"les chaussons faits avec les tissus de grand-m\u00e8re\")<\/a>\n\t\t\t\t\t<\/div>\n\n\t\t\t\t\t<div id=\"elementor-tab-content-5093\" class=\"elementor-tab-content elementor-clearfix\" data-tab=\"3\" role=\"tabpanel\" aria-labelledby=\"elementor-tab-title-5093\"><p>Il n&#8217;y a pas bien longtemps encore, les grand-m\u00e8res gardaient pr\u00e9cieusement les pantalons et les chemises de grosse toile de leur mari, m\u00eame fort usag\u00e9s.\u00a0 La ville \u00e9tait loin, les communications difficiles, rien ne devait \u00eatre g\u00e2ch\u00e9&#8230; Durant les longues soir\u00e9es d&#8217;hiver, assises devant l&#8217;\u00e2tre o\u00f9 elles se r\u00e9chauffaient, elles tricotaient, faisaient de la broderie ou du crochet ou confectionnaient ces fameux chaussons pour toute la famille.<\/p><p>Ceux-ci sont originaires de la r\u00e9gion de Guarda et sont en vente Largo da Olaria, dans une droguerie de la Mouraria, au prix de 2,95\u20ac.<\/p><\/div>\n\t\t\t\t<\/div>\n\t\t\t\t\t\t\t<div class=\"elementor-toggle-item\">\n\t\t\t\t\t<div id=\"elementor-tab-title-5094\" class=\"elementor-tab-title\" data-tab=\"4\" role=\"tab\" aria-controls=\"elementor-tab-content-5094\" aria-expanded=\"false\">\n\t\t\t\t\t\t\t\t\t\t\t\t<span class=\"elementor-toggle-icon elementor-toggle-icon-left\" aria-hidden=\"true\">\n\t\t\t\t\t\t\t\t\t\t\t\t\t\t\t<span class=\"elementor-toggle-icon-closed\"><i class=\"fas fa-chevron-down\"><\/i><\/span>\n\t\t\t\t\t\t\t\t<span class=\"elementor-toggle-icon-opened\"><i class=\"elementor-toggle-icon-opened fas fa-chevron-up\"><\/i><\/span>\n\t\t\t\t\t\t\t\t\t\t\t\t\t<\/span>\n\t\t\t\t\t\t\t\t\t\t\t\t<a href=\"\" class=\"elementor-toggle-title\">Les \u00e9pis et les coquelicots<\/a>\n\t\t\t\t\t<\/div>\n\n\t\t\t\t\t<div id=\"elementor-tab-content-5094\" class=\"elementor-tab-content elementor-clearfix\" data-tab=\"4\" role=\"tabpanel\" aria-labelledby=\"elementor-tab-title-5094\"><p>Ces lambris d\u00e9coratifs de style Art Nouveau qui d\u00e9corent les murs de certaines boulangeries sont des t\u00e9moins silencieux du d\u00e9but du XX\u00ba. \u00c1 l\u2019ext\u00e9rieur, ils permettaient \u00a0d\u2019attirer l\u2019attention du client et annon\u00e7aient les produits en vente \u00e0 l\u2019int\u00e9rieur. L\u2019esth\u00e9tique nouvelle\u00a0(la forme arrondie des dessins, les couleurs chaudes, la brillance des murs) \u00e9taient synonymes de modernit\u00e9. C\u2019\u00e9tait \u00e9galement pour le client l\u2019assurance de la propret\u00e9 des lieux puisqu\u2019ils \u00e9taient d\u2019un entretien facile.\u00a0<\/p><p>Ces int\u00e9rieurs Art Nouveau sont g\u00e9n\u00e9ralement assortis d\u2019un plafond en stuc travaill\u00e9 et d\u2019un comptoir en bois avec un dessus en marbre. Les azulejos de la photo proviennent sans doute de la fabrique de fa\u00efence de Caldas da Rainha.<\/p><p>Mais ces quelques boulangeries \u00e0 l\u2019odeur rurale sont des miracul\u00e9es en voie de disparition qu\u2019il faut photographier rapidement\u2026<\/p><\/div>\n\t\t\t\t<\/div>\n\t\t\t\t\t\t\t<div class=\"elementor-toggle-item\">\n\t\t\t\t\t<div id=\"elementor-tab-title-5095\" class=\"elementor-tab-title\" data-tab=\"5\" role=\"tab\" aria-controls=\"elementor-tab-content-5095\" aria-expanded=\"false\">\n\t\t\t\t\t\t\t\t\t\t\t\t<span class=\"elementor-toggle-icon elementor-toggle-icon-left\" aria-hidden=\"true\">\n\t\t\t\t\t\t\t\t\t\t\t\t\t\t\t<span class=\"elementor-toggle-icon-closed\"><i class=\"fas fa-chevron-down\"><\/i><\/span>\n\t\t\t\t\t\t\t\t<span class=\"elementor-toggle-icon-opened\"><i class=\"elementor-toggle-icon-opened fas fa-chevron-up\"><\/i><\/span>\n\t\t\t\t\t\t\t\t\t\t\t\t\t<\/span>\n\t\t\t\t\t\t\t\t\t\t\t\t<a href=\"\" class=\"elementor-toggle-title\">Palais Beau-S\u00e9jour<\/a>\n\t\t\t\t\t<\/div>\n\n\t\t\t\t\t<div id=\"elementor-tab-content-5095\" class=\"elementor-tab-content elementor-clearfix\" data-tab=\"5\" role=\"tabpanel\" aria-labelledby=\"elementor-tab-title-5095\"><p>Encore appel\u00e9 &#8220;Pal\u00e1cio das Campa\u00ednhas&#8221; \u00e0 cause des clochettes en verre qui pendent d&#8217;une voli\u00e8re du jardin, cet \u00e9l\u00e9gant \u00e9difice remonte \u00e0 1840. La Baronne da Regaleira en \u00e9tait la propri\u00e9taire. Fa\u00e7ade rev\u00eatue d&#8217;azulejos et d&#8217;un fronton simulant le soleil.\u00a0 L&#8217;int\u00e9rieur conserve des peintures et des c\u00e9ramiques des trois fr\u00e8res et soeur Bordalo Pinheiro.\u00a0<\/p><p>La mairie de Lisbonne, actuelle propri\u00e9taire, y a install\u00e9 une agr\u00e9able biblioth\u00e8que consacr\u00e9e \u00e0 la capitale.<\/p><\/div>\n\t\t\t\t<\/div>\n\t\t\t\t\t\t\t\t<\/div>\n\t\t\t\t<\/div>\n\t\t\t\t<\/div>\n\t\t\t\t\t<\/div>\n\t\t<\/div>\n\t\t\t\t<div class=\"elementor-column elementor-col-50 elementor-top-column elementor-element elementor-element-f3e211d\" data-id=\"f3e211d\" data-element_type=\"column\">\n\t\t\t<div class=\"elementor-widget-wrap elementor-element-populated\">\n\t\t\t\t\t\t\t\t<div class=\"elementor-element elementor-element-a3e1a14 elementor-widget elementor-widget-image\" data-id=\"a3e1a14\" data-element_type=\"widget\" data-widget_type=\"image.default\">\n\t\t\t\t<div class=\"elementor-widget-container\">\n\t\t\t\t\t\t\t\t\t\t\t\t\t\t\t<img loading=\"lazy\" decoding=\"async\" width=\"750\" height=\"422\" src=\"https:\/\/www.lisbonaround.com\/wp-content\/uploads\/2023\/05\/img_Beau-sejour.jpg\" class=\"attachment-large size-large wp-image-448\" alt=\"\" \/>\t\t\t\t\t\t\t\t\t\t\t\t\t\t\t<\/div>\n\t\t\t\t<\/div>\n\t\t\t\t<div class=\"elementor-element elementor-element-626e83d elementor-widget elementor-widget-text-editor\" data-id=\"626e83d\" data-element_type=\"widget\" data-widget_type=\"text-editor.default\">\n\t\t\t\t<div class=\"elementor-widget-container\">\n\t\t\t\t\t\t\t<p style=\"font-size: 14px;\">Palais Beau-S\u00e9jour<\/p>\t\t\t\t\t\t<\/div>\n\t\t\t\t<\/div>\n\t\t\t\t\t<\/div>\n\t\t<\/div>\n\t\t\t\t\t\t\t<\/div>\n\t\t<\/section>\n\t\t\t\t<section class=\"elementor-section elementor-top-section elementor-element elementor-element-a21a188 elementor-section-boxed elementor-section-height-default elementor-section-height-default\" data-id=\"a21a188\" data-element_type=\"section\">\n\t\t\t\t\t\t<div class=\"elementor-container elementor-column-gap-default\">\n\t\t\t\t\t<div class=\"elementor-column elementor-col-50 elementor-top-column elementor-element elementor-element-ad15390\" data-id=\"ad15390\" data-element_type=\"column\">\n\t\t\t<div class=\"elementor-widget-wrap elementor-element-populated\">\n\t\t\t\t\t\t\t\t<div class=\"elementor-element elementor-element-4252a60 elementor-widget elementor-widget-image\" data-id=\"4252a60\" data-element_type=\"widget\" data-widget_type=\"image.default\">\n\t\t\t\t<div class=\"elementor-widget-container\">\n\t\t\t\t\t\t\t\t\t\t\t\t\t\t\t<img loading=\"lazy\" decoding=\"async\" width=\"1024\" height=\"684\" src=\"https:\/\/www.lisbonaround.com\/wp-content\/uploads\/2023\/05\/img_Les-cireur-de-Chaussure.jpg\" class=\"attachment-large size-large wp-image-452\" alt=\"\" \/>\t\t\t\t\t\t\t\t\t\t\t\t\t\t\t<\/div>\n\t\t\t\t<\/div>\n\t\t\t\t<div class=\"elementor-element elementor-element-4372e3c elementor-widget elementor-widget-text-editor\" data-id=\"4372e3c\" data-element_type=\"widget\" data-widget_type=\"text-editor.default\">\n\t\t\t\t<div class=\"elementor-widget-container\">\n\t\t\t\t\t\t\t<p style=\"font-size: 14px;\">Les cireurs de chaussures<\/p>\t\t\t\t\t\t<\/div>\n\t\t\t\t<\/div>\n\t\t\t\t\t<\/div>\n\t\t<\/div>\n\t\t\t\t<div class=\"elementor-column elementor-col-50 elementor-top-column elementor-element elementor-element-9a615ac\" data-id=\"9a615ac\" data-element_type=\"column\">\n\t\t\t<div class=\"elementor-widget-wrap elementor-element-populated\">\n\t\t\t\t\t\t\t\t<div class=\"elementor-element elementor-element-bf7e716 elementor-widget elementor-widget-toggle\" data-id=\"bf7e716\" data-element_type=\"widget\" data-widget_type=\"toggle.default\">\n\t\t\t\t<div class=\"elementor-widget-container\">\n\t\t\t\t\t<div class=\"elementor-toggle\" role=\"tablist\">\n\t\t\t\t\t\t\t<div class=\"elementor-toggle-item\">\n\t\t\t\t\t<div id=\"elementor-tab-title-2001\" class=\"elementor-tab-title\" data-tab=\"1\" role=\"tab\" aria-controls=\"elementor-tab-content-2001\" aria-expanded=\"false\">\n\t\t\t\t\t\t\t\t\t\t\t\t<span class=\"elementor-toggle-icon elementor-toggle-icon-left\" aria-hidden=\"true\">\n\t\t\t\t\t\t\t\t\t\t\t\t\t\t\t<span class=\"elementor-toggle-icon-closed\"><i class=\"fas fa-chevron-down\"><\/i><\/span>\n\t\t\t\t\t\t\t\t<span class=\"elementor-toggle-icon-opened\"><i class=\"elementor-toggle-icon-opened fas fa-chevron-up\"><\/i><\/span>\n\t\t\t\t\t\t\t\t\t\t\t\t\t<\/span>\n\t\t\t\t\t\t\t\t\t\t\t\t<a href=\"\" class=\"elementor-toggle-title\">La maison natale de Norberto de Ara\u00fajo<\/a>\n\t\t\t\t\t<\/div>\n\n\t\t\t\t\t<div id=\"elementor-tab-content-2001\" class=\"elementor-tab-content elementor-clearfix\" data-tab=\"1\" role=\"tabpanel\" aria-labelledby=\"elementor-tab-title-2001\"><p>Cette maison cach\u00e9e derri\u00e8re des \u00e9chafaudages, oubli\u00e9e de tous, est la maison natale de ce grand olissipographe. Laissons le parler :&#8221;Ici, dans ce petit coin de la fondition &#8211; c&#8217;est comme cela que l&#8217;on d\u00e9signe ce lieu &#8211; si modeste, si &#8220;Alfama d&#8217;en haut&#8221; j&#8217;ai raison de m&#8217;arr\u00eater quelques instants. Dans cet immeuble qui fait le coin &#8211; un palais de la fin du XVII\u00e8me si\u00e8cle, au rez-de-chauss\u00e9e qui est plus humble, se sont d\u00e9roul\u00e9es ma premi\u00e8re enfance et ma jeunesse. C&#8217;est ici que mes parents se mari\u00e8rent et que mes grands parents viv\u00e8rent cinquante ans&#8230; Tout Lisbonne, finalement, est une &#8220;Saudade&#8221;. M\u00eame ceux qui n&#8217;ont pas de toit pour mourir, dans une humble maison ils sont n\u00e9s un jour&#8221;. (Peregrina\u00e7\u00f5es em Lisboa, livro VIII).<\/p><\/div>\n\t\t\t\t<\/div>\n\t\t\t\t\t\t\t<div class=\"elementor-toggle-item\">\n\t\t\t\t\t<div id=\"elementor-tab-title-2002\" class=\"elementor-tab-title\" data-tab=\"2\" role=\"tab\" aria-controls=\"elementor-tab-content-2002\" aria-expanded=\"false\">\n\t\t\t\t\t\t\t\t\t\t\t\t<span class=\"elementor-toggle-icon elementor-toggle-icon-left\" aria-hidden=\"true\">\n\t\t\t\t\t\t\t\t\t\t\t\t\t\t\t<span class=\"elementor-toggle-icon-closed\"><i class=\"fas fa-chevron-down\"><\/i><\/span>\n\t\t\t\t\t\t\t\t<span class=\"elementor-toggle-icon-opened\"><i class=\"elementor-toggle-icon-opened fas fa-chevron-up\"><\/i><\/span>\n\t\t\t\t\t\t\t\t\t\t\t\t\t<\/span>\n\t\t\t\t\t\t\t\t\t\t\t\t<a href=\"\" class=\"elementor-toggle-title\">Un des derniers abreuvoirs <\/a>\n\t\t\t\t\t<\/div>\n\n\t\t\t\t\t<div id=\"elementor-tab-content-2002\" class=\"elementor-tab-content elementor-clearfix\" data-tab=\"2\" role=\"tabpanel\" aria-labelledby=\"elementor-tab-title-2002\"><p>Situ\u00e9 devant la gare Santa Apol\u00f3nia, voici un des derniers abreuvoirs en fonte offerts \u00e0 la mairie, en 1882, par J\u00falio de Andrade qui fut Directeur de la Banque du Portugal, et un des membres fondateurs\u00a0de la Soci\u00e9t\u00e9 Protectrice des Animaux.\u00a0<\/p><p>Il acheta m\u00eame une fourgonnette pour secourir les animaux dans la rue.\u00a0<\/p><p>Sur le panneau, on peut lire cette recommandation\u00a0:\u00a0<\/p><p>\u00ab\u00a0Ayez de la compassion pour les pauvres animaux qui vous aident \u00e0 vivre\u00a0\u00bb.<\/p><p>\u00a0De nos jours, l\u2019eau du robinet \u00e9tanche la soif des passants\u2026 bip\u00e8des\u00a0!\u00a0<\/p><p>Il en existe un autre Pra\u00e7a Principe Real.<\/p><\/div>\n\t\t\t\t<\/div>\n\t\t\t\t\t\t\t<div class=\"elementor-toggle-item\">\n\t\t\t\t\t<div id=\"elementor-tab-title-2003\" class=\"elementor-tab-title\" data-tab=\"3\" role=\"tab\" aria-controls=\"elementor-tab-content-2003\" aria-expanded=\"false\">\n\t\t\t\t\t\t\t\t\t\t\t\t<span class=\"elementor-toggle-icon elementor-toggle-icon-left\" aria-hidden=\"true\">\n\t\t\t\t\t\t\t\t\t\t\t\t\t\t\t<span class=\"elementor-toggle-icon-closed\"><i class=\"fas fa-chevron-down\"><\/i><\/span>\n\t\t\t\t\t\t\t\t<span class=\"elementor-toggle-icon-opened\"><i class=\"elementor-toggle-icon-opened fas fa-chevron-up\"><\/i><\/span>\n\t\t\t\t\t\t\t\t\t\t\t\t\t<\/span>\n\t\t\t\t\t\t\t\t\t\t\t\t<a href=\"\" class=\"elementor-toggle-title\">Lisbonne a-t-elle chang\u00e9 de latitude ?<\/a>\n\t\t\t\t\t<\/div>\n\n\t\t\t\t\t<div id=\"elementor-tab-content-2003\" class=\"elementor-tab-content elementor-clearfix\" data-tab=\"3\" role=\"tabpanel\" aria-labelledby=\"elementor-tab-title-2003\"><p>Depuis quelques ann\u00e9es, la qui\u00e9tude du jardin botanique est troubl\u00e9e par les cris per\u00e7ants d\u2019une colonie de grosses perruches aux couleurs vives, sans doute \u00e9chapp\u00e9es de captivit\u00e9. Elles volent toujours haut et vite, sont tr\u00e8s bavardes, m\u00e9fiantes et malignes. Au petit matin, elles s\u2019installent dans les palmiers ou les orangers des jardins. Avec leur bec pointu et beaucoup d\u2019habilit\u00e9, elles percent un petit trou dans la peau des oranges et se r\u00e9galent\u2026\u00a0<\/p><p>Cette perruche a accept\u00e9 de poser dans les branches d\u2019un avocatier.\u00a0<\/p><\/div>\n\t\t\t\t<\/div>\n\t\t\t\t\t\t\t<div class=\"elementor-toggle-item\">\n\t\t\t\t\t<div id=\"elementor-tab-title-2004\" class=\"elementor-tab-title\" data-tab=\"4\" role=\"tab\" aria-controls=\"elementor-tab-content-2004\" aria-expanded=\"false\">\n\t\t\t\t\t\t\t\t\t\t\t\t<span class=\"elementor-toggle-icon elementor-toggle-icon-left\" aria-hidden=\"true\">\n\t\t\t\t\t\t\t\t\t\t\t\t\t\t\t<span class=\"elementor-toggle-icon-closed\"><i class=\"fas fa-chevron-down\"><\/i><\/span>\n\t\t\t\t\t\t\t\t<span class=\"elementor-toggle-icon-opened\"><i class=\"elementor-toggle-icon-opened fas fa-chevron-up\"><\/i><\/span>\n\t\t\t\t\t\t\t\t\t\t\t\t\t<\/span>\n\t\t\t\t\t\t\t\t\t\t\t\t<a href=\"\" class=\"elementor-toggle-title\">Le cireur de chaussures<\/a>\n\t\t\t\t\t<\/div>\n\n\t\t\t\t\t<div id=\"elementor-tab-content-2004\" class=\"elementor-tab-content elementor-clearfix\" data-tab=\"4\" role=\"tabpanel\" aria-labelledby=\"elementor-tab-title-2004\"><p>La figure typique du cireur de chaussures appara\u00eet dans tous les romans classiques, chez le barbier ou au caf\u00e9, au Rossio, Pra\u00e7a da Figueira ou au Chiado.<\/p><p>C\u2019est une habitude comparable \u00e0 celle de se faire la barbe, toujours mieux faite que chez soi. Habitu\u00e9s ou gens de passage, tous appr\u00e9cient \u00ab\u00a0o jeito, o toque e a conversa\u00a0\u00bb.<\/p><p>La Mairie de Lisbonne c\u00e8de aux cireurs de chaussures un emplacement fixe en \u00e9change du paiement mensuel d\u2019une taxe (\u00ab\u00a0licen\u00e7a\u00a0\u00bb). Un tabouret, des bo\u00eetes de cirages achet\u00e9es juste \u00e0 c\u00f4t\u00e9, au Po\u00e7o do Borrat\u00e9m, des brosses et des chiffons, c\u2019est tout l\u2019investissement dont ils ont besoin. Le prix varie suivant le type de chaussures.<\/p><\/div>\n\t\t\t\t<\/div>\n\t\t\t\t\t\t\t<div class=\"elementor-toggle-item\">\n\t\t\t\t\t<div id=\"elementor-tab-title-2005\" class=\"elementor-tab-title\" data-tab=\"5\" role=\"tab\" aria-controls=\"elementor-tab-content-2005\" aria-expanded=\"false\">\n\t\t\t\t\t\t\t\t\t\t\t\t<span class=\"elementor-toggle-icon elementor-toggle-icon-left\" aria-hidden=\"true\">\n\t\t\t\t\t\t\t\t\t\t\t\t\t\t\t<span class=\"elementor-toggle-icon-closed\"><i class=\"fas fa-chevron-down\"><\/i><\/span>\n\t\t\t\t\t\t\t\t<span class=\"elementor-toggle-icon-opened\"><i class=\"elementor-toggle-icon-opened fas fa-chevron-up\"><\/i><\/span>\n\t\t\t\t\t\t\t\t\t\t\t\t\t<\/span>\n\t\t\t\t\t\t\t\t\t\t\t\t<a href=\"\" class=\"elementor-toggle-title\">Les lavandi\u00e8res de la Madragoa : \u00ab As Varinas \u00bb<\/a>\n\t\t\t\t\t<\/div>\n\n\t\t\t\t\t<div id=\"elementor-tab-content-2005\" class=\"elementor-tab-content elementor-clearfix\" data-tab=\"5\" role=\"tabpanel\" aria-labelledby=\"elementor-tab-title-2005\"><p>Lisbonne est s\u00fbrement une des derni\u00e8res capitales \u00e0 poss\u00e9der encore de grands lavoirs en fonctionnement dans les quartiers populaires, comme \u00e0 Alfama ou \u00e0 la Madragoa.<\/p><p>La lavandi\u00e8re fort \u00e2g\u00e9e de cette photo (plus de 80 ans\u00a0!) est originaire d\u2019Ovar, au sud de Porto (d\u2019o\u00f9 le nom \u00ab\u00a0ovarina, O Varina, varina\u00a0\u00bb = marchande de poisson). Elle est la cadette de 9 enfants et la seule survivante. Elle a v\u00e9cu toute sa vie ici, \u00e0 la Madragoa, o\u00f9 elle \u00e9tait \u00ab\u00a0varina\u00a0\u00bb et aussi lavandi\u00e8re. Aujourd\u2019hui, elle ne peut plus laver les lourdes pi\u00e8ces de tissus ou les tapis, seulement les carpettes.\u00a0<\/p><p>Les Varinas ne sont plus que quelques-unes en activit\u00e9, mais elles restent immortalis\u00e9es par les po\u00e8tes et les artistes\u00a0; le 12 juin au soir, durant les f\u00eates de Lisbonne, ce sont elles qui symbolisent le quartier de la Madragoa\u00a0: elles d\u00e9filent pieds nus sur l\u2019avenida da Liberdade, pendant les marches populaires, le panier en osier pos\u00e9 sur la t\u00eate.<\/p><\/div>\n\t\t\t\t<\/div>\n\t\t\t\t\t\t\t\t<\/div>\n\t\t\t\t<\/div>\n\t\t\t\t<\/div>\n\t\t\t\t\t<\/div>\n\t\t<\/div>\n\t\t\t\t\t\t\t<\/div>\n\t\t<\/section>\n\t\t\t\t<section class=\"elementor-section elementor-top-section elementor-element elementor-element-5707aee elementor-section-boxed elementor-section-height-default elementor-section-height-default\" data-id=\"5707aee\" data-element_type=\"section\">\n\t\t\t\t\t\t<div class=\"elementor-container elementor-column-gap-default\">\n\t\t\t\t\t<div class=\"elementor-column elementor-col-50 elementor-top-column elementor-element elementor-element-046ee5e\" data-id=\"046ee5e\" data-element_type=\"column\">\n\t\t\t<div class=\"elementor-widget-wrap elementor-element-populated\">\n\t\t\t\t\t\t\t\t<div class=\"elementor-element elementor-element-172dc1a elementor-widget elementor-widget-toggle\" data-id=\"172dc1a\" data-element_type=\"widget\" data-widget_type=\"toggle.default\">\n\t\t\t\t<div class=\"elementor-widget-container\">\n\t\t\t\t\t<div class=\"elementor-toggle\" role=\"tablist\">\n\t\t\t\t\t\t\t<div class=\"elementor-toggle-item\">\n\t\t\t\t\t<div id=\"elementor-tab-title-2431\" class=\"elementor-tab-title\" data-tab=\"1\" role=\"tab\" aria-controls=\"elementor-tab-content-2431\" aria-expanded=\"false\">\n\t\t\t\t\t\t\t\t\t\t\t\t<span class=\"elementor-toggle-icon elementor-toggle-icon-left\" aria-hidden=\"true\">\n\t\t\t\t\t\t\t\t\t\t\t\t\t\t\t<span class=\"elementor-toggle-icon-closed\"><i class=\"fas fa-chevron-down\"><\/i><\/span>\n\t\t\t\t\t\t\t\t<span class=\"elementor-toggle-icon-opened\"><i class=\"elementor-toggle-icon-opened fas fa-chevron-up\"><\/i><\/span>\n\t\t\t\t\t\t\t\t\t\t\t\t\t<\/span>\n\t\t\t\t\t\t\t\t\t\t\t\t<a href=\"\" class=\"elementor-toggle-title\">Des plantes triomphent de la circulation !<\/a>\n\t\t\t\t\t<\/div>\n\n\t\t\t\t\t<div id=\"elementor-tab-content-2431\" class=\"elementor-tab-content elementor-clearfix\" data-tab=\"1\" role=\"tabpanel\" aria-labelledby=\"elementor-tab-title-2431\"><p class=\"Normal2 P-2\">C\u2019est dans l\u2019\u00e9troite et courte rua do Olival (presque en face du Mus\u00e9e d\u2019Art Ancien) qu\u2019a eu lieu cet \u00e9v\u00e8nement \u00a0peu banal\u00a0: trois voisines avaient d\u00e9cid\u00e9 de fleurir leur fa\u00e7ade alors que la circulation s\u2019\u00e9coulait dans les deux sens. Comme tr\u00e8s souvent les voitures fr\u00f4laient de trop pr\u00e8s les maisons, les pots dispos\u00e9s contre le mur \u00e9taient invariablement \u00e9cras\u00e9s\u2026<\/p><p class=\"Normal2 P-2\">Le spectacle \u00e9tait si triste que la mairie du quartier fut sensibilis\u00e9e \u00e0 ce probl\u00e8me. Alors, par une belle journ\u00e9e, des bornes furent install\u00e9es pour barrer la rue.\u00a0 La vie devint soudain paisible dans la petite rue, m\u00eame si ces vieilles dames peinent \u00e0 d\u00e9placer cette collection de pots de toutes formes quand il faut repeindre les murs. Malheureusement l\u2019une d\u2019elle, celle qui habite au premier \u00e9tage (cf la photo), est en ce moment hospitalis\u00e9e\u00a0; alors, ses ch\u00e8res plantes sont mortes de soif parce que \u00ab\u00a0o marido n\u00e3o liga\u00a0\u00bb\u2026<\/p><\/div>\n\t\t\t\t<\/div>\n\t\t\t\t\t\t\t<div class=\"elementor-toggle-item\">\n\t\t\t\t\t<div id=\"elementor-tab-title-2432\" class=\"elementor-tab-title\" data-tab=\"2\" role=\"tab\" aria-controls=\"elementor-tab-content-2432\" aria-expanded=\"false\">\n\t\t\t\t\t\t\t\t\t\t\t\t<span class=\"elementor-toggle-icon elementor-toggle-icon-left\" aria-hidden=\"true\">\n\t\t\t\t\t\t\t\t\t\t\t\t\t\t\t<span class=\"elementor-toggle-icon-closed\"><i class=\"fas fa-chevron-down\"><\/i><\/span>\n\t\t\t\t\t\t\t\t<span class=\"elementor-toggle-icon-opened\"><i class=\"elementor-toggle-icon-opened fas fa-chevron-up\"><\/i><\/span>\n\t\t\t\t\t\t\t\t\t\t\t\t\t<\/span>\n\t\t\t\t\t\t\t\t\t\t\t\t<a href=\"\" class=\"elementor-toggle-title\">Des plantes s\u00e8ment la discorde !<\/a>\n\t\t\t\t\t<\/div>\n\n\t\t\t\t\t<div id=\"elementor-tab-content-2432\" class=\"elementor-tab-content elementor-clearfix\" data-tab=\"2\" role=\"tabpanel\" aria-labelledby=\"elementor-tab-title-2432\"><p>Cette ruelle, la Travessa da Peixeira, situ\u00e9e dans le bas de la rua S\u00e3o Bento et au pied de l\u2019Assembl\u00e9e de la R\u00e9publique, a la particularit\u00e9 d\u2019\u00eatre en pente et de se terminer par un escalier. Une dame \u00e0 la main verte, rapidement suivie par ses voisines, eut l\u2019id\u00e9e de fleurir le pas de sa porte et d\u2019installer des jardini\u00e8res au milieu de la petite rue, juste en-dessous de la rambarde.\u00a0<\/p><p>Mais voil\u00e0&#8230; les plants de tomates, les ficus, les hortensias, les foug\u00e8res, les lierres, les arbustes de toutes sortes grandirent et g\u00ean\u00e8rent les personnes \u00e2g\u00e9es pour s\u2019agripper \u00e0 la rambarde. La Police municipale vient d\u2019intervenir pour calmer les esprits en reculant les plantes les plus hautes contre le mur des maisons\u2026 La lutte dans la ruelle des marchandes de poisson a \u00e9t\u00e9 \u00e9vit\u00e9e de justesse\u00a0!<\/p><\/div>\n\t\t\t\t<\/div>\n\t\t\t\t\t\t\t<div class=\"elementor-toggle-item\">\n\t\t\t\t\t<div id=\"elementor-tab-title-2433\" class=\"elementor-tab-title\" data-tab=\"3\" role=\"tab\" aria-controls=\"elementor-tab-content-2433\" aria-expanded=\"false\">\n\t\t\t\t\t\t\t\t\t\t\t\t<span class=\"elementor-toggle-icon elementor-toggle-icon-left\" aria-hidden=\"true\">\n\t\t\t\t\t\t\t\t\t\t\t\t\t\t\t<span class=\"elementor-toggle-icon-closed\"><i class=\"fas fa-chevron-down\"><\/i><\/span>\n\t\t\t\t\t\t\t\t<span class=\"elementor-toggle-icon-opened\"><i class=\"elementor-toggle-icon-opened fas fa-chevron-up\"><\/i><\/span>\n\t\t\t\t\t\t\t\t\t\t\t\t\t<\/span>\n\t\t\t\t\t\t\t\t\t\t\t\t<a href=\"\" class=\"elementor-toggle-title\">Les anciennes laiteries<\/a>\n\t\t\t\t\t<\/div>\n\n\t\t\t\t\t<div id=\"elementor-tab-content-2433\" class=\"elementor-tab-content elementor-clearfix\" data-tab=\"3\" role=\"tabpanel\" aria-labelledby=\"elementor-tab-title-2433\"><p>Avant l\u2019apparition et la g\u00e9n\u00e9ralisation des frigidaires, la solution la plus simple pour conserver le lait \u00e9tait\u2026 de garder les vaches \u00e0 port\u00e9e de main\u00a0! C\u2019est ainsi que jusque dans les ann\u00e9es 1920, \u00e0 Lisbonne, chaque laiterie cachait au fond de la boutique une ou plusieurs vaches que l\u2019on trayait matin et soir.\u00a0<\/p><p>Les enseignes en azulejos nous rappellent cette \u00e9poque r\u00e9volue.<\/p><\/div>\n\t\t\t\t<\/div>\n\t\t\t\t\t\t\t<div class=\"elementor-toggle-item\">\n\t\t\t\t\t<div id=\"elementor-tab-title-2434\" class=\"elementor-tab-title\" data-tab=\"4\" role=\"tab\" aria-controls=\"elementor-tab-content-2434\" aria-expanded=\"false\">\n\t\t\t\t\t\t\t\t\t\t\t\t<span class=\"elementor-toggle-icon elementor-toggle-icon-left\" aria-hidden=\"true\">\n\t\t\t\t\t\t\t\t\t\t\t\t\t\t\t<span class=\"elementor-toggle-icon-closed\"><i class=\"fas fa-chevron-down\"><\/i><\/span>\n\t\t\t\t\t\t\t\t<span class=\"elementor-toggle-icon-opened\"><i class=\"elementor-toggle-icon-opened fas fa-chevron-up\"><\/i><\/span>\n\t\t\t\t\t\t\t\t\t\t\t\t\t<\/span>\n\t\t\t\t\t\t\t\t\t\t\t\t<a href=\"\" class=\"elementor-toggle-title\">Le r\u00e9mouleur ambulant<\/a>\n\t\t\t\t\t<\/div>\n\n\t\t\t\t\t<div id=\"elementor-tab-content-2434\" class=\"elementor-tab-content elementor-clearfix\" data-tab=\"4\" role=\"tabpanel\" aria-labelledby=\"elementor-tab-title-2434\"><p>Autrefois, une multitude de marchands ambulants circulaient dans les rues de la capitale en poussant des cris stridents avec la voix ou avec un sifflet. Chaque petit m\u00e9tier avait un signal sonore caract\u00e9ristique qui permettait aux habitants de savoir qui passait dans la rue sans \u00eatre oblig\u00e9s de se pencher \u00e0 la fen\u00eatre. Aujourd\u2019hui, tr\u00e8s peu ont subsist\u00e9. On entend encore, mais tr\u00e8s rarement, le sifflet estomp\u00e9 par le bruit de la circulation, du ramoneur ou du r\u00e9mouleur ambulant, comme sur la photo\u00a0: il aiguise les couteaux et les ciseaux avec sa meule et souvent r\u00e9pare aussi les parapluies.<\/p><\/div>\n\t\t\t\t<\/div>\n\t\t\t\t\t\t\t<div class=\"elementor-toggle-item\">\n\t\t\t\t\t<div id=\"elementor-tab-title-2435\" class=\"elementor-tab-title\" data-tab=\"5\" role=\"tab\" aria-controls=\"elementor-tab-content-2435\" aria-expanded=\"false\">\n\t\t\t\t\t\t\t\t\t\t\t\t<span class=\"elementor-toggle-icon elementor-toggle-icon-left\" aria-hidden=\"true\">\n\t\t\t\t\t\t\t\t\t\t\t\t\t\t\t<span class=\"elementor-toggle-icon-closed\"><i class=\"fas fa-chevron-down\"><\/i><\/span>\n\t\t\t\t\t\t\t\t<span class=\"elementor-toggle-icon-opened\"><i class=\"elementor-toggle-icon-opened fas fa-chevron-up\"><\/i><\/span>\n\t\t\t\t\t\t\t\t\t\t\t\t\t<\/span>\n\t\t\t\t\t\t\t\t\t\t\t\t<a href=\"\" class=\"elementor-toggle-title\">Gare aux pigeons !<\/a>\n\t\t\t\t\t<\/div>\n\n\t\t\t\t\t<div id=\"elementor-tab-content-2435\" class=\"elementor-tab-content elementor-clearfix\" data-tab=\"5\" role=\"tabpanel\" aria-labelledby=\"elementor-tab-title-2435\"><p>Une \u00e9trange campagne circule dans la ville par le biais de feuillets distribu\u00e9s dans les lieux publics et les mairies de quartier\u00a0:\u00a0<\/p><p>Se gosta dos pombos, colabore, n\u00e3o os alimente\u2026<\/p><p>Si vous aimez les pigeons, collaborez, \u00a0ne leur donnez pas \u00e0 manger\u2026<\/p><p>Ce prospectus affirme que les nourrir contribue \u00e0 la reproduction excessive de l\u2019esp\u00e8ce et que la Mairie se charge de leur fournir quotidiennement des aliments en doses calcul\u00e9es (30 g. par animal)\u00a0; elle ajoute des contraceptifs oraux en p\u00e9riode de reproduction.<\/p><p>De plus, elle met en garde, surtout les enfants et les personnes \u00e2g\u00e9es qui sont ceux qui approchent le plus les pigeons, de la possibilit\u00e9 de contracter une maladie transmise \u00e0 leur contact.<\/p><\/div>\n\t\t\t\t<\/div>\n\t\t\t\t\t\t\t<div class=\"elementor-toggle-item\">\n\t\t\t\t\t<div id=\"elementor-tab-title-2436\" class=\"elementor-tab-title\" data-tab=\"6\" role=\"tab\" aria-controls=\"elementor-tab-content-2436\" aria-expanded=\"false\">\n\t\t\t\t\t\t\t\t\t\t\t\t<span class=\"elementor-toggle-icon elementor-toggle-icon-left\" aria-hidden=\"true\">\n\t\t\t\t\t\t\t\t\t\t\t\t\t\t\t<span class=\"elementor-toggle-icon-closed\"><i class=\"fas fa-chevron-down\"><\/i><\/span>\n\t\t\t\t\t\t\t\t<span class=\"elementor-toggle-icon-opened\"><i class=\"elementor-toggle-icon-opened fas fa-chevron-up\"><\/i><\/span>\n\t\t\t\t\t\t\t\t\t\t\t\t\t<\/span>\n\t\t\t\t\t\t\t\t\t\t\t\t<a href=\"\" class=\"elementor-toggle-title\">Cr\u00e8ches baroques<\/a>\n\t\t\t\t\t<\/div>\n\n\t\t\t\t\t<div id=\"elementor-tab-content-2436\" class=\"elementor-tab-content elementor-clearfix\" data-tab=\"6\" role=\"tabpanel\" aria-labelledby=\"elementor-tab-title-2436\"><p>Lisbonne poss\u00e8de de tr\u00e8s belles cr\u00e8ches baroques imagin\u00e9es sous le r\u00e8gne du roi Jo\u00e3o V par deux sculpteurs c\u00e9l\u00e8bres\u00a0: Machado de Castro et Ant\u00f3nio Ferreira. \u00c0 d\u00e9couvrir \u00e0 la Funda\u00e7\u00e3o Ricardo do Espirito Santo Silva (Largo das Portas do Sol), au Museu Nacional de Arte Antiga (rua das Janelas Verdes), au Museu Nacional do Azulejo ou encore dans la Bas\u00edlica da Estrela (Pra\u00e7a da Estrela), derri\u00e8re le tombeau de la reine D. Maria I. Cette derni\u00e8re, restaur\u00e9e r\u00e9cemment, est la plus somptueuse.<\/p><\/div>\n\t\t\t\t<\/div>\n\t\t\t\t\t\t\t\t<\/div>\n\t\t\t\t<\/div>\n\t\t\t\t<\/div>\n\t\t\t\t\t<\/div>\n\t\t<\/div>\n\t\t\t\t<div class=\"elementor-column elementor-col-50 elementor-top-column elementor-element elementor-element-fbede95\" data-id=\"fbede95\" data-element_type=\"column\">\n\t\t\t<div class=\"elementor-widget-wrap elementor-element-populated\">\n\t\t\t\t\t\t\t\t<div class=\"elementor-element elementor-element-977b4bb elementor-widget elementor-widget-image\" data-id=\"977b4bb\" data-element_type=\"widget\" data-widget_type=\"image.default\">\n\t\t\t\t<div class=\"elementor-widget-container\">\n\t\t\t\t\t\t\t\t\t\t\t\t\t\t\t<img loading=\"lazy\" decoding=\"async\" width=\"800\" height=\"606\" src=\"https:\/\/www.lisbonaround.com\/wp-content\/uploads\/2023\/05\/img_amolador.jpg\" class=\"attachment-large size-large wp-image-457\" alt=\"\" \/>\t\t\t\t\t\t\t\t\t\t\t\t\t\t\t<\/div>\n\t\t\t\t<\/div>\n\t\t\t\t<div class=\"elementor-element elementor-element-48c73af elementor-widget elementor-widget-text-editor\" data-id=\"48c73af\" data-element_type=\"widget\" data-widget_type=\"text-editor.default\">\n\t\t\t\t<div class=\"elementor-widget-container\">\n\t\t\t\t\t\t\t<p style=\"font-size: 14px;\">Le r\u00e9mouleur ambulant<\/p>\t\t\t\t\t\t<\/div>\n\t\t\t\t<\/div>\n\t\t\t\t\t<\/div>\n\t\t<\/div>\n\t\t\t\t\t\t\t<\/div>\n\t\t<\/section>\n\t\t\t\t<section class=\"elementor-section elementor-top-section elementor-element elementor-element-d77b92b elementor-section-boxed elementor-section-height-default elementor-section-height-default\" data-id=\"d77b92b\" data-element_type=\"section\">\n\t\t\t\t\t\t<div class=\"elementor-container elementor-column-gap-default\">\n\t\t\t\t\t<div class=\"elementor-column elementor-col-100 elementor-top-column elementor-element elementor-element-fb658ee\" data-id=\"fb658ee\" data-element_type=\"column\">\n\t\t\t<div class=\"elementor-widget-wrap elementor-element-populated\">\n\t\t\t\t\t\t\t\t<div class=\"elementor-element elementor-element-ade51d2 elementor-widget elementor-widget-spacer\" data-id=\"ade51d2\" data-element_type=\"widget\" data-widget_type=\"spacer.default\">\n\t\t\t\t<div class=\"elementor-widget-container\">\n\t\t\t\t\t<div class=\"elementor-spacer\">\n\t\t\t<div class=\"elementor-spacer-inner\"><\/div>\n\t\t<\/div>\n\t\t\t\t<\/div>\n\t\t\t\t<\/div>\n\t\t\t\t\t<\/div>\n\t\t<\/div>\n\t\t\t\t\t\t\t<\/div>\n\t\t<\/section>\n\t\t\t\t\t\t\t<\/div>\n\t\t","protected":false},"excerpt":{"rendered":"<p>Curiosit\u00e9s lisbo\u00e8tes Linge et oiseaux aux fen\u00eatres On raconte qu\u2019autrefois, les marins qui avaient brav\u00e9 les hautes mers en direction du Br\u00e9sil, ramenaient avec eux des perroquets, tr\u00e8s familiers de ce pays. De retour, c\u2019\u00e9tait alors une grande fiert\u00e9 d\u2019exposer \u00e0 la porte de leur maison ce magnifique oiseau exotique aux plumes chatoyantes : il &hellip;<\/p>\n<p class=\"read-more\"> <a class=\"\" href=\"https:\/\/www.lisbonaround.com\/?page_id=249\"> <span class=\"screen-reader-text\">Curiosit\u00e9s<\/span> Read More &raquo;<\/a><\/p>\n","protected":false},"author":1,"featured_media":0,"parent":0,"menu_order":0,"comment_status":"closed","ping_status":"closed","template":"","meta":{"site-sidebar-layout":"no-sidebar","site-content-layout":"plain-container","ast-global-header-display":"","ast-banner-title-visibility":"","ast-main-header-display":"","ast-hfb-above-header-display":"","ast-hfb-below-header-display":"","ast-hfb-mobile-header-display":"","site-post-title":"disabled","ast-breadcrumbs-content":"","ast-featured-img":"","footer-sml-layout":"","theme-transparent-header-meta":"enabled","adv-header-id-meta":"","stick-header-meta":"","header-above-stick-meta":"","header-main-stick-meta":"","header-below-stick-meta":"","footnotes":""},"class_list":["post-249","page","type-page","status-publish","hentry"],"_links":{"self":[{"href":"https:\/\/www.lisbonaround.com\/index.php?rest_route=\/wp\/v2\/pages\/249","targetHints":{"allow":["GET"]}}],"collection":[{"href":"https:\/\/www.lisbonaround.com\/index.php?rest_route=\/wp\/v2\/pages"}],"about":[{"href":"https:\/\/www.lisbonaround.com\/index.php?rest_route=\/wp\/v2\/types\/page"}],"author":[{"embeddable":true,"href":"https:\/\/www.lisbonaround.com\/index.php?rest_route=\/wp\/v2\/users\/1"}],"replies":[{"embeddable":true,"href":"https:\/\/www.lisbonaround.com\/index.php?rest_route=%2Fwp%2Fv2%2Fcomments&post=249"}],"version-history":[{"count":59,"href":"https:\/\/www.lisbonaround.com\/index.php?rest_route=\/wp\/v2\/pages\/249\/revisions"}],"predecessor-version":[{"id":1233,"href":"https:\/\/www.lisbonaround.com\/index.php?rest_route=\/wp\/v2\/pages\/249\/revisions\/1233"}],"wp:attachment":[{"href":"https:\/\/www.lisbonaround.com\/index.php?rest_route=%2Fwp%2Fv2%2Fmedia&parent=249"}],"curies":[{"name":"wp","href":"https:\/\/api.w.org\/{rel}","templated":true}]}}